{"id":21519,"date":"2024-04-08T11:08:42","date_gmt":"2024-04-08T11:08:42","guid":{"rendered":"https:\/\/www.toerenensmikkelen.nl\/haeufig-gestellte-fragen\/"},"modified":"2025-03-17T12:24:25","modified_gmt":"2025-03-17T12:24:25","slug":"haeufig-gestellte-fragen","status":"publish","type":"page","link":"https:\/\/www.toerenensmikkelen.nl\/de\/haeufig-gestellte-fragen\/","title":{"rendered":"H\u00e4ufig gestellte Fragen"},"content":{"rendered":"\t\t<div data-elementor-type=\"wp-page\" data-elementor-id=\"21519\" class=\"elementor elementor-21519 elementor-2193\" data-elementor-post-type=\"page\">\n\t\t\t\t<div class=\"elementor-element elementor-element-8674cd0 e-flex e-con-boxed e-con e-parent\" data-id=\"8674cd0\" data-element_type=\"container\" data-e-type=\"container\">\n\t\t\t\t\t<div class=\"e-con-inner\">\n\t\t<div class=\"elementor-element elementor-element-5adba47 e-flex e-con-boxed e-con e-child\" data-id=\"5adba47\" data-element_type=\"container\" data-e-type=\"container\" data-settings=\"{&quot;background_background&quot;:&quot;classic&quot;}\">\n\t\t\t\t\t<div class=\"e-con-inner\">\n\t\t\t\t<div class=\"elementor-element elementor-element-fb06a24 elementor-invisible elementor-widget elementor-widget-image\" data-id=\"fb06a24\" data-element_type=\"widget\" data-e-type=\"widget\" data-settings=\"{&quot;_animation&quot;:&quot;bounceIn&quot;}\" data-widget_type=\"image.default\">\n\t\t\t\t<div class=\"elementor-widget-container\">\n\t\t\t\t\t\t\t\t\t\t\t\t\t\t\t<img fetchpriority=\"high\" decoding=\"async\" width=\"800\" height=\"654\" src=\"https:\/\/www.toerenensmikkelen.nl\/wp-content\/uploads\/2024\/04\/hetleuksteuitjeintwente-groen-1-900x736.png\" class=\"elementor-animation-grow attachment-large size-large wp-image-21204\" alt=\"\" srcset=\"https:\/\/www.toerenensmikkelen.nl\/wp-content\/uploads\/2024\/04\/hetleuksteuitjeintwente-groen-1-900x736.png 900w, https:\/\/www.toerenensmikkelen.nl\/wp-content\/uploads\/2024\/04\/hetleuksteuitjeintwente-groen-1-600x491.png 600w, https:\/\/www.toerenensmikkelen.nl\/wp-content\/uploads\/2024\/04\/hetleuksteuitjeintwente-groen-1-510x417.png 510w, https:\/\/www.toerenensmikkelen.nl\/wp-content\/uploads\/2024\/04\/hetleuksteuitjeintwente-groen-1-768x628.png 768w, https:\/\/www.toerenensmikkelen.nl\/wp-content\/uploads\/2024\/04\/hetleuksteuitjeintwente-groen-1.png 916w\" sizes=\"(max-width: 800px) 100vw, 800px\" \/>\t\t\t\t\t\t\t\t\t\t\t\t\t\t\t<\/div>\n\t\t\t\t<\/div>\n\t\t\t\t\t<\/div>\n\t\t\t\t<\/div>\n\t\t\t\t\t<\/div>\n\t\t\t\t<\/div>\n\t\t<div class=\"elementor-element elementor-element-2152cbf e-flex e-con-boxed e-con e-parent\" data-id=\"2152cbf\" data-element_type=\"container\" data-e-type=\"container\">\n\t\t\t\t\t<div class=\"e-con-inner\">\n\t\t\t\t<div class=\"elementor-element elementor-element-754f447 elementor-widget elementor-widget-spacer\" data-id=\"754f447\" data-element_type=\"widget\" data-e-type=\"widget\" data-widget_type=\"spacer.default\">\n\t\t\t\t<div class=\"elementor-widget-container\">\n\t\t\t\t\t\t\t<div class=\"elementor-spacer\">\n\t\t\t<div class=\"elementor-spacer-inner\"><\/div>\n\t\t<\/div>\n\t\t\t\t\t\t<\/div>\n\t\t\t\t<\/div>\n\t\t\t\t<div class=\"elementor-element elementor-element-bc2c331 elementor-widget elementor-widget-heading\" data-id=\"bc2c331\" data-element_type=\"widget\" data-e-type=\"widget\" data-widget_type=\"heading.default\">\n\t\t\t\t<div class=\"elementor-widget-container\">\n\t\t\t\t\t<h1 class=\"elementor-heading-title elementor-size-default\">H\u00e4ufig gestellte Fragen<\/h1>\t\t\t\t<\/div>\n\t\t\t\t<\/div>\n\t\t\t\t<div class=\"elementor-element elementor-element-f64c761 elementor-widget__width-initial elementor-widget elementor-widget-text-editor\" data-id=\"f64c761\" data-element_type=\"widget\" data-e-type=\"widget\" data-widget_type=\"text-editor.default\">\n\t\t\t\t<div class=\"elementor-widget-container\">\n\t\t\t\t\t\t\t\t\t<p>Haben Sie Fragen zu Toer&#8217;n &amp; Smikkel&#8217;n? Nachfolgend finden Sie einige h\u00e4ufig gestellte Fragen, u.a. zu den Autos und Lieferwagen, den Gerichten, der Route und der Planung. <\/p>\n\t\t\t\t\t\t\t\t<\/div>\n\t\t\t\t<\/div>\n\t\t\t\t<div class=\"elementor-element elementor-element-493d04d elementor-widget elementor-widget-html\" data-id=\"493d04d\" data-element_type=\"widget\" data-e-type=\"widget\" data-widget_type=\"html.default\">\n\t\t\t\t<div class=\"elementor-widget-container\">\n\t\t\t\t\t<script>jQuery(document).ready(function($) {\nvar delay = 100; setTimeout(function() {\n$('.elementor-tab-title').removeClass('elementor-active');\n $('.elementor-tab-content').css('display', 'none'); }, delay);\n});\n<\/script>\t\t\t\t<\/div>\n\t\t\t\t<\/div>\n\t\t\t\t<div class=\"elementor-element elementor-element-1f8fdcf elementor-widget elementor-widget-accordion\" data-id=\"1f8fdcf\" data-element_type=\"widget\" data-e-type=\"widget\" data-widget_type=\"accordion.default\">\n\t\t\t\t<div class=\"elementor-widget-container\">\n\t\t\t\t\t\t\t<div class=\"elementor-accordion\">\n\t\t\t\t\t\t\t<div class=\"elementor-accordion-item\">\n\t\t\t\t\t<div id=\"elementor-tab-title-3301\" class=\"elementor-tab-title\" data-tab=\"1\" role=\"button\" aria-controls=\"elementor-tab-content-3301\" aria-expanded=\"false\">\n\t\t\t\t\t\t\t\t\t\t\t\t\t<span class=\"elementor-accordion-icon elementor-accordion-icon-right\" aria-hidden=\"true\">\n\t\t\t\t\t\t\t\t\t\t\t\t\t\t\t<span class=\"elementor-accordion-icon-closed\"><svg class=\"e-font-icon-svg e-fas-angle-down\" viewBox=\"0 0 320 512\" xmlns=\"http:\/\/www.w3.org\/2000\/svg\"><path d=\"M143 352.3L7 216.3c-9.4-9.4-9.4-24.6 0-33.9l22.6-22.6c9.4-9.4 24.6-9.4 33.9 0l96.4 96.4 96.4-96.4c9.4-9.4 24.6-9.4 33.9 0l22.6 22.6c9.4 9.4 9.4 24.6 0 33.9l-136 136c-9.2 9.4-24.4 9.4-33.8 0z\"><\/path><\/svg><\/span>\n\t\t\t\t\t\t\t\t<span class=\"elementor-accordion-icon-opened\"><svg class=\"e-font-icon-svg e-fas-angle-up\" viewBox=\"0 0 320 512\" xmlns=\"http:\/\/www.w3.org\/2000\/svg\"><path d=\"M177 159.7l136 136c9.4 9.4 9.4 24.6 0 33.9l-22.6 22.6c-9.4 9.4-24.6 9.4-33.9 0L160 255.9l-96.4 96.4c-9.4 9.4-24.6 9.4-33.9 0L7 329.7c-9.4-9.4-9.4-24.6 0-33.9l136-136c9.4-9.5 24.6-9.5 34-.1z\"><\/path><\/svg><\/span>\n\t\t\t\t\t\t\t\t\t\t\t\t\t\t<\/span>\n\t\t\t\t\t\t\t\t\t\t\t\t<a class=\"elementor-accordion-title\" tabindex=\"0\">Toer'n Smikkel'nWas ist &amp; ?<\/a>\n\t\t\t\t\t<\/div>\n\t\t\t\t\t<div id=\"elementor-tab-content-3301\" class=\"elementor-tab-content elementor-clearfix\" data-tab=\"1\" role=\"region\" aria-labelledby=\"elementor-tab-title-3301\"><p>Der vielleicht lustigste Ausflug in Twente und den Niederlanden. W\u00e4hrend dieser bezaubernden Tour entdecken Sie in einem alten Volkswagen Van oder einem anderen Oldtimer die sch\u00f6nsten Flecken von Twente anhand einer ausgearbeiteten Route entlang sch\u00f6ner Sehensw\u00fcrdigkeiten. Wir haben n\u00e4mlich eine wunderbare Route ausgearbeitet, auf der unsere Vans jeden Tag voller begeisterter Teilnehmer unterwegs sind.    <\/p>\n<p>Sie k\u00f6nnen einen Van f\u00fcr diese Tour online auf dieser Website buchen. Sie w\u00e4hlen ein Fahrzeug Ihrer Wahl und das Datum aus. Anschlie\u00dfend buchen Sie dieses Fahrzeug online. Optional k\u00f6nnen Sie ein Degustationsmen\u00fc hinzuf\u00fcgen. Mit diesem Men\u00fc werden Sie den ganzen Tag \u00fcber in drei verschiedenen netten Restaurants mit k\u00f6stlichen Gerichten erwartet.      <\/p>\n<p><span style=\"color: var( --e-global-color-text ); font-family: var( --e-global-typography-text-font-family ), Sans-serif; font-weight: var( --e-global-typography-text-font-weight );\">Nach Ihrer Buchung erhalten Sie alle Informationen wie die Reiseroute und andere wichtige Informationen.  <\/span><\/p>\n<p>Sie werden dann um 09:30 Uhr an unserem Standort in De Lutte erwartet, um den Oldtimer abzuholen. Die Erfahrung zeigt, dass die Endzeit von 16:30 Uhr mehr als genug ist, um ein wunderbares Erlebnis zu haben!   <\/p>\n<p>Wir freuen uns auf Sie und gr\u00fc\u00dfen Sie herzlich von Michelle und Jimmy vom <span style=\"font-weight: 400;\">Oldtimer Centrum Twente.<\/span><\/p>\n<\/div>\n\t\t\t\t<\/div>\n\t\t\t\t\t\t\t\t\t\t<script type=\"application\/ld+json\">{\"@context\":\"https:\\\/\\\/schema.org\",\"@type\":\"FAQPage\",\"mainEntity\":[{\"@type\":\"Question\",\"name\":\"Toer'n Smikkel'nWas ist &amp; ?\",\"acceptedAnswer\":{\"@type\":\"Answer\",\"text\":\"<p>Der vielleicht lustigste Ausflug in Twente und den Niederlanden. W\\u00e4hrend dieser bezaubernden Tour entdecken Sie in einem alten Volkswagen Van oder einem anderen Oldtimer die sch\\u00f6nsten Flecken von Twente anhand einer ausgearbeiteten Route entlang sch\\u00f6ner Sehensw\\u00fcrdigkeiten. Wir haben n\\u00e4mlich eine wunderbare Route ausgearbeitet, auf der unsere Vans jeden Tag voller begeisterter Teilnehmer unterwegs sind.    <\\\/p>\\n<p>Sie k\\u00f6nnen einen Van f\\u00fcr diese Tour online auf dieser Website buchen. Sie w\\u00e4hlen ein Fahrzeug Ihrer Wahl und das Datum aus. Anschlie\\u00dfend buchen Sie dieses Fahrzeug online. Optional k\\u00f6nnen Sie ein Degustationsmen\\u00fc hinzuf\\u00fcgen. Mit diesem Men\\u00fc werden Sie den ganzen Tag \\u00fcber in drei verschiedenen netten Restaurants mit k\\u00f6stlichen Gerichten erwartet.      <\\\/p>\\n<p><span style=\\\"color: var( --e-global-color-text ); font-family: var( --e-global-typography-text-font-family ), Sans-serif; font-weight: var( --e-global-typography-text-font-weight );\\\">Nach Ihrer Buchung erhalten Sie alle Informationen wie die Reiseroute und andere wichtige Informationen.  <\\\/span><\\\/p>\\n<p>Sie werden dann um 09:30 Uhr an unserem Standort in De Lutte erwartet, um den Oldtimer abzuholen. Die Erfahrung zeigt, dass die Endzeit von 16:30 Uhr mehr als genug ist, um ein wunderbares Erlebnis zu haben!   <\\\/p>\\n<p>Wir freuen uns auf Sie und gr\\u00fc\\u00dfen Sie herzlich von Michelle und Jimmy vom <span style=\\\"font-weight: 400;\\\">Oldtimer Centrum Twente.<\\\/span><\\\/p>\\n\"}}]}<\/script>\n\t\t\t\t\t<\/div>\n\t\t\t\t\t\t<\/div>\n\t\t\t\t<\/div>\n\t\t\t\t<div class=\"elementor-element elementor-element-7688701 elementor-widget elementor-widget-accordion\" data-id=\"7688701\" data-element_type=\"widget\" data-e-type=\"widget\" data-widget_type=\"accordion.default\">\n\t\t\t\t<div class=\"elementor-widget-container\">\n\t\t\t\t\t\t\t<div class=\"elementor-accordion\">\n\t\t\t\t\t\t\t<div class=\"elementor-accordion-item\">\n\t\t\t\t\t<div id=\"elementor-tab-title-1241\" class=\"elementor-tab-title\" data-tab=\"1\" role=\"button\" aria-controls=\"elementor-tab-content-1241\" aria-expanded=\"false\">\n\t\t\t\t\t\t\t\t\t\t\t\t\t<span class=\"elementor-accordion-icon elementor-accordion-icon-right\" aria-hidden=\"true\">\n\t\t\t\t\t\t\t\t\t\t\t\t\t\t\t<span class=\"elementor-accordion-icon-closed\"><svg class=\"e-font-icon-svg e-fas-angle-down\" viewBox=\"0 0 320 512\" xmlns=\"http:\/\/www.w3.org\/2000\/svg\"><path d=\"M143 352.3L7 216.3c-9.4-9.4-9.4-24.6 0-33.9l22.6-22.6c9.4-9.4 24.6-9.4 33.9 0l96.4 96.4 96.4-96.4c9.4-9.4 24.6-9.4 33.9 0l22.6 22.6c9.4 9.4 9.4 24.6 0 33.9l-136 136c-9.2 9.4-24.4 9.4-33.8 0z\"><\/path><\/svg><\/span>\n\t\t\t\t\t\t\t\t<span class=\"elementor-accordion-icon-opened\"><svg class=\"e-font-icon-svg e-fas-angle-up\" viewBox=\"0 0 320 512\" xmlns=\"http:\/\/www.w3.org\/2000\/svg\"><path d=\"M177 159.7l136 136c9.4 9.4 9.4 24.6 0 33.9l-22.6 22.6c-9.4 9.4-24.6 9.4-33.9 0L160 255.9l-96.4 96.4c-9.4 9.4-24.6 9.4-33.9 0L7 329.7c-9.4-9.4-9.4-24.6 0-33.9l136-136c9.4-9.5 24.6-9.5 34-.1z\"><\/path><\/svg><\/span>\n\t\t\t\t\t\t\t\t\t\t\t\t\t\t<\/span>\n\t\t\t\t\t\t\t\t\t\t\t\t<a class=\"elementor-accordion-title\" tabindex=\"0\">Ist das Men\u00fc obligatorisch?<\/a>\n\t\t\t\t\t<\/div>\n\t\t\t\t\t<div id=\"elementor-tab-content-1241\" class=\"elementor-tab-content elementor-clearfix\" data-tab=\"1\" role=\"region\" aria-labelledby=\"elementor-tab-title-1241\"><p>Nat\u00fcrlich ist das Men\u00fc nicht obligatorisch. Nat\u00fcrlich k\u00f6nnen Sie auch selbst etwas Leckeres mitbringen, um Smikkelen. Au\u00dferdem kommen Sie auf Ihren Routen an vielen gastronomischen Betrieben vorbei, bei denen Sie auf eigene Faust bestellen k\u00f6nnen.    <\/p>\n<\/div>\n\t\t\t\t<\/div>\n\t\t\t\t\t\t\t\t\t\t<script type=\"application\/ld+json\">{\"@context\":\"https:\\\/\\\/schema.org\",\"@type\":\"FAQPage\",\"mainEntity\":[{\"@type\":\"Question\",\"name\":\"Ist das Men\\u00fc obligatorisch?\",\"acceptedAnswer\":{\"@type\":\"Answer\",\"text\":\"<p>Nat\\u00fcrlich ist das Men\\u00fc nicht obligatorisch. Nat\\u00fcrlich k\\u00f6nnen Sie auch selbst etwas Leckeres mitbringen, um Smikkelen. Au\\u00dferdem kommen Sie auf Ihren Routen an vielen gastronomischen Betrieben vorbei, bei denen Sie auf eigene Faust bestellen k\\u00f6nnen.    <\\\/p>\\n\"}}]}<\/script>\n\t\t\t\t\t<\/div>\n\t\t\t\t\t\t<\/div>\n\t\t\t\t<\/div>\n\t\t\t\t<div class=\"elementor-element elementor-element-1c0b1e0 elementor-widget elementor-widget-accordion\" data-id=\"1c0b1e0\" data-element_type=\"widget\" data-e-type=\"widget\" data-widget_type=\"accordion.default\">\n\t\t\t\t<div class=\"elementor-widget-container\">\n\t\t\t\t\t\t\t<div class=\"elementor-accordion\">\n\t\t\t\t\t\t\t<div class=\"elementor-accordion-item\">\n\t\t\t\t\t<div id=\"elementor-tab-title-2941\" class=\"elementor-tab-title\" data-tab=\"1\" role=\"button\" aria-controls=\"elementor-tab-content-2941\" aria-expanded=\"false\">\n\t\t\t\t\t\t\t\t\t\t\t\t\t<span class=\"elementor-accordion-icon elementor-accordion-icon-right\" aria-hidden=\"true\">\n\t\t\t\t\t\t\t\t\t\t\t\t\t\t\t<span class=\"elementor-accordion-icon-closed\"><svg class=\"e-font-icon-svg e-fas-angle-down\" viewBox=\"0 0 320 512\" xmlns=\"http:\/\/www.w3.org\/2000\/svg\"><path d=\"M143 352.3L7 216.3c-9.4-9.4-9.4-24.6 0-33.9l22.6-22.6c9.4-9.4 24.6-9.4 33.9 0l96.4 96.4 96.4-96.4c9.4-9.4 24.6-9.4 33.9 0l22.6 22.6c9.4 9.4 9.4 24.6 0 33.9l-136 136c-9.2 9.4-24.4 9.4-33.8 0z\"><\/path><\/svg><\/span>\n\t\t\t\t\t\t\t\t<span class=\"elementor-accordion-icon-opened\"><svg class=\"e-font-icon-svg e-fas-angle-up\" viewBox=\"0 0 320 512\" xmlns=\"http:\/\/www.w3.org\/2000\/svg\"><path d=\"M177 159.7l136 136c9.4 9.4 9.4 24.6 0 33.9l-22.6 22.6c-9.4 9.4-24.6 9.4-33.9 0L160 255.9l-96.4 96.4c-9.4 9.4-24.6 9.4-33.9 0L7 329.7c-9.4-9.4-9.4-24.6 0-33.9l136-136c9.4-9.5 24.6-9.5 34-.1z\"><\/path><\/svg><\/span>\n\t\t\t\t\t\t\t\t\t\t\t\t\t\t<\/span>\n\t\t\t\t\t\t\t\t\t\t\t\t<a class=\"elementor-accordion-title\" tabindex=\"0\">F\u00fcr wie lange kann ich einen Transporter mieten?<\/a>\n\t\t\t\t\t<\/div>\n\t\t\t\t\t<div id=\"elementor-tab-content-2941\" class=\"elementor-tab-content elementor-clearfix\" data-tab=\"1\" role=\"region\" aria-labelledby=\"elementor-tab-title-2941\"><p>Wir vermieten unsere Oldtimer f\u00fcr die Veranstaltung &#8218;toern und smikkeln&#8216; von 09:30 (Startzeit) bis sp\u00e4testens 16:30 (R\u00fcckgabezeit).<\/p>\n<p>Die Erfahrung zeigt, dass dies mehr als genug f\u00fcr ein einzigartiges Erlebnis ist.&nbsp;<\/p>\n<\/div>\n\t\t\t\t<\/div>\n\t\t\t\t\t\t\t\t\t\t<script type=\"application\/ld+json\">{\"@context\":\"https:\\\/\\\/schema.org\",\"@type\":\"FAQPage\",\"mainEntity\":[{\"@type\":\"Question\",\"name\":\"F\\u00fcr wie lange kann ich einen Transporter mieten?\",\"acceptedAnswer\":{\"@type\":\"Answer\",\"text\":\"<p>Wir vermieten unsere Oldtimer f\\u00fcr die Veranstaltung &#8218;toern und smikkeln&#8216; von 09:30 (Startzeit) bis sp\\u00e4testens 16:30 (R\\u00fcckgabezeit).<\\\/p>\\n<p>Die Erfahrung zeigt, dass dies mehr als genug f\\u00fcr ein einzigartiges Erlebnis ist.&nbsp;<\\\/p>\\n\"}}]}<\/script>\n\t\t\t\t\t<\/div>\n\t\t\t\t\t\t<\/div>\n\t\t\t\t<\/div>\n\t\t\t\t<div class=\"elementor-element elementor-element-c935f67 elementor-widget elementor-widget-accordion\" data-id=\"c935f67\" data-element_type=\"widget\" data-e-type=\"widget\" data-widget_type=\"accordion.default\">\n\t\t\t\t<div class=\"elementor-widget-container\">\n\t\t\t\t\t\t\t<div class=\"elementor-accordion\">\n\t\t\t\t\t\t\t<div class=\"elementor-accordion-item\">\n\t\t\t\t\t<div id=\"elementor-tab-title-2101\" class=\"elementor-tab-title\" data-tab=\"1\" role=\"button\" aria-controls=\"elementor-tab-content-2101\" aria-expanded=\"false\">\n\t\t\t\t\t\t\t\t\t\t\t\t\t<span class=\"elementor-accordion-icon elementor-accordion-icon-right\" aria-hidden=\"true\">\n\t\t\t\t\t\t\t\t\t\t\t\t\t\t\t<span class=\"elementor-accordion-icon-closed\"><svg class=\"e-font-icon-svg e-fas-angle-down\" viewBox=\"0 0 320 512\" xmlns=\"http:\/\/www.w3.org\/2000\/svg\"><path d=\"M143 352.3L7 216.3c-9.4-9.4-9.4-24.6 0-33.9l22.6-22.6c9.4-9.4 24.6-9.4 33.9 0l96.4 96.4 96.4-96.4c9.4-9.4 24.6-9.4 33.9 0l22.6 22.6c9.4 9.4 9.4 24.6 0 33.9l-136 136c-9.2 9.4-24.4 9.4-33.8 0z\"><\/path><\/svg><\/span>\n\t\t\t\t\t\t\t\t<span class=\"elementor-accordion-icon-opened\"><svg class=\"e-font-icon-svg e-fas-angle-up\" viewBox=\"0 0 320 512\" xmlns=\"http:\/\/www.w3.org\/2000\/svg\"><path d=\"M177 159.7l136 136c9.4 9.4 9.4 24.6 0 33.9l-22.6 22.6c-9.4 9.4-24.6 9.4-33.9 0L160 255.9l-96.4 96.4c-9.4 9.4-24.6 9.4-33.9 0L7 329.7c-9.4-9.4-9.4-24.6 0-33.9l136-136c9.4-9.5 24.6-9.5 34-.1z\"><\/path><\/svg><\/span>\n\t\t\t\t\t\t\t\t\t\t\t\t\t\t<\/span>\n\t\t\t\t\t\t\t\t\t\t\t\t<a class=\"elementor-accordion-title\" tabindex=\"0\">Wo und zu welcher Zeit hole ich den Oldtimer ab?<\/a>\n\t\t\t\t\t<\/div>\n\t\t\t\t\t<div id=\"elementor-tab-content-2101\" class=\"elementor-tab-content elementor-clearfix\" data-tab=\"1\" role=\"region\" aria-labelledby=\"elementor-tab-title-2101\"><p>Sie k\u00f6nnen den Oldtimer in unserer Filiale in De Lutte in der Ambachtstraat 6b abholen. Sie werden um die Reservierungszeit von 09:30 Uhr (Startzeit) erwartet. Sie haben 15 Minuten Spielraum. <span style=\"font-weight: 400;\">Oldtimer Centrum Twente<\/span> wird dem Fahrer den Oldtimer immer pers\u00f6nlich w\u00e4hrend einer (Fahr-)Einweisung erkl\u00e4ren.    <\/p>\n<\/div>\n\t\t\t\t<\/div>\n\t\t\t\t\t\t\t\t\t\t<script type=\"application\/ld+json\">{\"@context\":\"https:\\\/\\\/schema.org\",\"@type\":\"FAQPage\",\"mainEntity\":[{\"@type\":\"Question\",\"name\":\"Wo und zu welcher Zeit hole ich den Oldtimer ab?\",\"acceptedAnswer\":{\"@type\":\"Answer\",\"text\":\"<p>Sie k\\u00f6nnen den Oldtimer in unserer Filiale in De Lutte in der Ambachtstraat 6b abholen. Sie werden um die Reservierungszeit von 09:30 Uhr (Startzeit) erwartet. Sie haben 15 Minuten Spielraum. <span style=\\\"font-weight: 400;\\\">Oldtimer Centrum Twente<\\\/span> wird dem Fahrer den Oldtimer immer pers\\u00f6nlich w\\u00e4hrend einer (Fahr-)Einweisung erkl\\u00e4ren.    <\\\/p>\\n\"}}]}<\/script>\n\t\t\t\t\t<\/div>\n\t\t\t\t\t\t<\/div>\n\t\t\t\t<\/div>\n\t\t\t\t<div class=\"elementor-element elementor-element-b904ebf elementor-widget elementor-widget-accordion\" data-id=\"b904ebf\" data-element_type=\"widget\" data-e-type=\"widget\" data-widget_type=\"accordion.default\">\n\t\t\t\t<div class=\"elementor-widget-container\">\n\t\t\t\t\t\t\t<div class=\"elementor-accordion\">\n\t\t\t\t\t\t\t<div class=\"elementor-accordion-item\">\n\t\t\t\t\t<div id=\"elementor-tab-title-1941\" class=\"elementor-tab-title\" data-tab=\"1\" role=\"button\" aria-controls=\"elementor-tab-content-1941\" aria-expanded=\"false\">\n\t\t\t\t\t\t\t\t\t\t\t\t\t<span class=\"elementor-accordion-icon elementor-accordion-icon-right\" aria-hidden=\"true\">\n\t\t\t\t\t\t\t\t\t\t\t\t\t\t\t<span class=\"elementor-accordion-icon-closed\"><svg class=\"e-font-icon-svg e-fas-angle-down\" viewBox=\"0 0 320 512\" xmlns=\"http:\/\/www.w3.org\/2000\/svg\"><path d=\"M143 352.3L7 216.3c-9.4-9.4-9.4-24.6 0-33.9l22.6-22.6c9.4-9.4 24.6-9.4 33.9 0l96.4 96.4 96.4-96.4c9.4-9.4 24.6-9.4 33.9 0l22.6 22.6c9.4 9.4 9.4 24.6 0 33.9l-136 136c-9.2 9.4-24.4 9.4-33.8 0z\"><\/path><\/svg><\/span>\n\t\t\t\t\t\t\t\t<span class=\"elementor-accordion-icon-opened\"><svg class=\"e-font-icon-svg e-fas-angle-up\" viewBox=\"0 0 320 512\" xmlns=\"http:\/\/www.w3.org\/2000\/svg\"><path d=\"M177 159.7l136 136c9.4 9.4 9.4 24.6 0 33.9l-22.6 22.6c-9.4 9.4-24.6 9.4-33.9 0L160 255.9l-96.4 96.4c-9.4 9.4-24.6 9.4-33.9 0L7 329.7c-9.4-9.4-9.4-24.6 0-33.9l136-136c9.4-9.5 24.6-9.5 34-.1z\"><\/path><\/svg><\/span>\n\t\t\t\t\t\t\t\t\t\t\t\t\t\t<\/span>\n\t\t\t\t\t\t\t\t\t\t\t\t<a class=\"elementor-accordion-title\" tabindex=\"0\">Meine Reservierung ist nicht erfolgreich. Wie ist das m\u00f6glich? Bitte denken Sie daran, bei Ihrer Reservierung den Zeitblock auszuw\u00e4hlen.  <\/a>\n\t\t\t\t\t<\/div>\n\t\t\t\t\t<div id=\"elementor-tab-content-1941\" class=\"elementor-tab-content elementor-clearfix\" data-tab=\"1\" role=\"region\" aria-labelledby=\"elementor-tab-title-1941\"><p>\u00dcberpr\u00fcfen Sie zun\u00e4chst, ob Sie den Zeitbock mit dem Produkt ausgew\u00e4hlt haben. Es kann vorkommen, dass eine Buchung auf halbem Wege storniert wird, weil Sie z.B. noch nicht bezahlt haben. Pr\u00fcfen Sie daher immer auf dem von Ihnen verwendeten Ger\u00e4t, ob Ihre Bestellung auf der Website unter &#8218;meine Buchung&#8216; im Men\u00fc sichtbar ist. Unter &#8218;meine Buchung&#8216; k\u00f6nnen Sie die Buchung oft noch abschlie\u00dfen.     <\/p>\n<\/div>\n\t\t\t\t<\/div>\n\t\t\t\t\t\t\t\t\t\t<script type=\"application\/ld+json\">{\"@context\":\"https:\\\/\\\/schema.org\",\"@type\":\"FAQPage\",\"mainEntity\":[{\"@type\":\"Question\",\"name\":\"Meine Reservierung ist nicht erfolgreich. Wie ist das m\\u00f6glich? Bitte denken Sie daran, bei Ihrer Reservierung den Zeitblock auszuw\\u00e4hlen.\",\"acceptedAnswer\":{\"@type\":\"Answer\",\"text\":\"<p>\\u00dcberpr\\u00fcfen Sie zun\\u00e4chst, ob Sie den Zeitbock mit dem Produkt ausgew\\u00e4hlt haben. Es kann vorkommen, dass eine Buchung auf halbem Wege storniert wird, weil Sie z.B. noch nicht bezahlt haben. Pr\\u00fcfen Sie daher immer auf dem von Ihnen verwendeten Ger\\u00e4t, ob Ihre Bestellung auf der Website unter &#8218;meine Buchung&#8216; im Men\\u00fc sichtbar ist. Unter &#8218;meine Buchung&#8216; k\\u00f6nnen Sie die Buchung oft noch abschlie\\u00dfen.     <\\\/p>\\n\"}}]}<\/script>\n\t\t\t\t\t<\/div>\n\t\t\t\t\t\t<\/div>\n\t\t\t\t<\/div>\n\t\t\t\t<div class=\"elementor-element elementor-element-c9218a9 elementor-widget elementor-widget-accordion\" data-id=\"c9218a9\" data-element_type=\"widget\" data-e-type=\"widget\" data-widget_type=\"accordion.default\">\n\t\t\t\t<div class=\"elementor-widget-container\">\n\t\t\t\t\t\t\t<div class=\"elementor-accordion\">\n\t\t\t\t\t\t\t<div class=\"elementor-accordion-item\">\n\t\t\t\t\t<div id=\"elementor-tab-title-2101\" class=\"elementor-tab-title\" data-tab=\"1\" role=\"button\" aria-controls=\"elementor-tab-content-2101\" aria-expanded=\"false\">\n\t\t\t\t\t\t\t\t\t\t\t\t\t<span class=\"elementor-accordion-icon elementor-accordion-icon-right\" aria-hidden=\"true\">\n\t\t\t\t\t\t\t\t\t\t\t\t\t\t\t<span class=\"elementor-accordion-icon-closed\"><svg class=\"e-font-icon-svg e-fas-angle-down\" viewBox=\"0 0 320 512\" xmlns=\"http:\/\/www.w3.org\/2000\/svg\"><path d=\"M143 352.3L7 216.3c-9.4-9.4-9.4-24.6 0-33.9l22.6-22.6c9.4-9.4 24.6-9.4 33.9 0l96.4 96.4 96.4-96.4c9.4-9.4 24.6-9.4 33.9 0l22.6 22.6c9.4 9.4 9.4 24.6 0 33.9l-136 136c-9.2 9.4-24.4 9.4-33.8 0z\"><\/path><\/svg><\/span>\n\t\t\t\t\t\t\t\t<span class=\"elementor-accordion-icon-opened\"><svg class=\"e-font-icon-svg e-fas-angle-up\" viewBox=\"0 0 320 512\" xmlns=\"http:\/\/www.w3.org\/2000\/svg\"><path d=\"M177 159.7l136 136c9.4 9.4 9.4 24.6 0 33.9l-22.6 22.6c-9.4 9.4-24.6 9.4-33.9 0L160 255.9l-96.4 96.4c-9.4 9.4-24.6 9.4-33.9 0L7 329.7c-9.4-9.4-9.4-24.6 0-33.9l136-136c9.4-9.5 24.6-9.5 34-.1z\"><\/path><\/svg><\/span>\n\t\t\t\t\t\t\t\t\t\t\t\t\t\t<\/span>\n\t\t\t\t\t\t\t\t\t\t\t\t<a class=\"elementor-accordion-title\" tabindex=\"0\">Was ist, wenn jemand von unserer Zusammensetzung absagt, w\u00e4hrend ich ein Men\u00fc daf\u00fcr bestellt habe?<\/a>\n\t\t\t\t\t<\/div>\n\t\t\t\t\t<div id=\"elementor-tab-content-2101\" class=\"elementor-tab-content elementor-clearfix\" data-tab=\"1\" role=\"region\" aria-labelledby=\"elementor-tab-title-2101\"><p>Das ist kein Problem. Wenn Sie ein Mittagsmen\u00fc vorbestellt haben, k\u00f6nnen Sie uns mitteilen, ob weniger oder mehr Personen mitkommen werden.   <\/p>\n<p>Wir \u00fcberweisen die \u00dcberzahlung einfach auf Ihr Bankkonto zur\u00fcck.  <\/p>\n<p>Wir haben volles Verst\u00e4ndnis daf\u00fcr, wenn jemand weniger mitkommen kann oder, im Gegenteil, zus\u00e4tzliche Leute mitkommen wollen.  <\/p>\n<\/div>\n\t\t\t\t<\/div>\n\t\t\t\t\t\t\t\t\t\t<script type=\"application\/ld+json\">{\"@context\":\"https:\\\/\\\/schema.org\",\"@type\":\"FAQPage\",\"mainEntity\":[{\"@type\":\"Question\",\"name\":\"Was ist, wenn jemand von unserer Zusammensetzung absagt, w\\u00e4hrend ich ein Men\\u00fc daf\\u00fcr bestellt habe?\",\"acceptedAnswer\":{\"@type\":\"Answer\",\"text\":\"<p>Das ist kein Problem. Wenn Sie ein Mittagsmen\\u00fc vorbestellt haben, k\\u00f6nnen Sie uns mitteilen, ob weniger oder mehr Personen mitkommen werden.   <\\\/p>\\n<p>Wir \\u00fcberweisen die \\u00dcberzahlung einfach auf Ihr Bankkonto zur\\u00fcck.  <\\\/p>\\n<p>Wir haben volles Verst\\u00e4ndnis daf\\u00fcr, wenn jemand weniger mitkommen kann oder, im Gegenteil, zus\\u00e4tzliche Leute mitkommen wollen.  <\\\/p>\\n\"}}]}<\/script>\n\t\t\t\t\t<\/div>\n\t\t\t\t\t\t<\/div>\n\t\t\t\t<\/div>\n\t\t\t\t<div class=\"elementor-element elementor-element-1f2ad32 elementor-widget elementor-widget-accordion\" data-id=\"1f2ad32\" data-element_type=\"widget\" data-e-type=\"widget\" data-widget_type=\"accordion.default\">\n\t\t\t\t<div class=\"elementor-widget-container\">\n\t\t\t\t\t\t\t<div class=\"elementor-accordion\">\n\t\t\t\t\t\t\t<div class=\"elementor-accordion-item\">\n\t\t\t\t\t<div id=\"elementor-tab-title-3261\" class=\"elementor-tab-title\" data-tab=\"1\" role=\"button\" aria-controls=\"elementor-tab-content-3261\" aria-expanded=\"false\">\n\t\t\t\t\t\t\t\t\t\t\t\t\t<span class=\"elementor-accordion-icon elementor-accordion-icon-right\" aria-hidden=\"true\">\n\t\t\t\t\t\t\t\t\t\t\t\t\t\t\t<span class=\"elementor-accordion-icon-closed\"><svg class=\"e-font-icon-svg e-fas-angle-down\" viewBox=\"0 0 320 512\" xmlns=\"http:\/\/www.w3.org\/2000\/svg\"><path d=\"M143 352.3L7 216.3c-9.4-9.4-9.4-24.6 0-33.9l22.6-22.6c9.4-9.4 24.6-9.4 33.9 0l96.4 96.4 96.4-96.4c9.4-9.4 24.6-9.4 33.9 0l22.6 22.6c9.4 9.4 9.4 24.6 0 33.9l-136 136c-9.2 9.4-24.4 9.4-33.8 0z\"><\/path><\/svg><\/span>\n\t\t\t\t\t\t\t\t<span class=\"elementor-accordion-icon-opened\"><svg class=\"e-font-icon-svg e-fas-angle-up\" viewBox=\"0 0 320 512\" xmlns=\"http:\/\/www.w3.org\/2000\/svg\"><path d=\"M177 159.7l136 136c9.4 9.4 9.4 24.6 0 33.9l-22.6 22.6c-9.4 9.4-24.6 9.4-33.9 0L160 255.9l-96.4 96.4c-9.4 9.4-24.6 9.4-33.9 0L7 329.7c-9.4-9.4-9.4-24.6 0-33.9l136-136c9.4-9.5 24.6-9.5 34-.1z\"><\/path><\/svg><\/span>\n\t\t\t\t\t\t\t\t\t\t\t\t\t\t<\/span>\n\t\t\t\t\t\t\t\t\t\t\t\t<a class=\"elementor-accordion-title\" tabindex=\"0\">Was sind die Bedingungen und zus\u00e4tzlichen Kosten f\u00fcr die Anmietung eines Oldtimers oder VW-Busses?<\/a>\n\t\t\t\t\t<\/div>\n\t\t\t\t\t<div id=\"elementor-tab-content-3261\" class=\"elementor-tab-content elementor-clearfix\" data-tab=\"1\" role=\"region\" aria-labelledby=\"elementor-tab-title-3261\"><p>Sie sind mindestens 24 Jahre alt und im Besitz eines g\u00fcltigen F\u00fchrerscheins. Es ist eine Kaution in H\u00f6he von 500 Euro zu hinterlegen (diese k\u00f6nnen Sie mit Ihrer Banking-App vor Ort auf ein spezielles Kautionskonto bei uns \u00fcberweisen &#8211; wir informieren Sie dar\u00fcber vor Ort &#8211; geliebte keine Bareinlagen).<br \/>Diese erhalten Sie selbstverst\u00e4ndlich zur\u00fcck, wenn das Fahrzeug im gleichen Zustand wie bei der \u00dcbergabe zur\u00fcckgegeben wird.<br \/>Der angegebene Preis beinhaltet nicht den Kraftstoff (bei der Tour &#8218;toern &amp; smikkeln&#8216; ziehen wir standardm\u00e4\u00dfig 25 Euro von der geleisteten Kaution f\u00fcr den Kraftstoff ab) <\/p>\n<\/div>\n\t\t\t\t<\/div>\n\t\t\t\t\t\t\t\t\t\t<script type=\"application\/ld+json\">{\"@context\":\"https:\\\/\\\/schema.org\",\"@type\":\"FAQPage\",\"mainEntity\":[{\"@type\":\"Question\",\"name\":\"Was sind die Bedingungen und zus\\u00e4tzlichen Kosten f\\u00fcr die Anmietung eines Oldtimers oder VW-Busses?\",\"acceptedAnswer\":{\"@type\":\"Answer\",\"text\":\"<p>Sie sind mindestens 24 Jahre alt und im Besitz eines g\\u00fcltigen F\\u00fchrerscheins. Es ist eine Kaution in H\\u00f6he von 500 Euro zu hinterlegen (diese k\\u00f6nnen Sie mit Ihrer Banking-App vor Ort auf ein spezielles Kautionskonto bei uns \\u00fcberweisen &#8211; wir informieren Sie dar\\u00fcber vor Ort &#8211; geliebte keine Bareinlagen).<br \\\/>Diese erhalten Sie selbstverst\\u00e4ndlich zur\\u00fcck, wenn das Fahrzeug im gleichen Zustand wie bei der \\u00dcbergabe zur\\u00fcckgegeben wird.<br \\\/>Der angegebene Preis beinhaltet nicht den Kraftstoff (bei der Tour &#8218;toern &amp; smikkeln&#8216; ziehen wir standardm\\u00e4\\u00dfig 25 Euro von der geleisteten Kaution f\\u00fcr den Kraftstoff ab) <\\\/p>\\n\"}}]}<\/script>\n\t\t\t\t\t<\/div>\n\t\t\t\t\t\t<\/div>\n\t\t\t\t<\/div>\n\t\t\t\t<div class=\"elementor-element elementor-element-5311b7d elementor-widget elementor-widget-accordion\" data-id=\"5311b7d\" data-element_type=\"widget\" data-e-type=\"widget\" data-widget_type=\"accordion.default\">\n\t\t\t\t<div class=\"elementor-widget-container\">\n\t\t\t\t\t\t\t<div class=\"elementor-accordion\">\n\t\t\t\t\t\t\t<div class=\"elementor-accordion-item\">\n\t\t\t\t\t<div id=\"elementor-tab-title-8711\" class=\"elementor-tab-title\" data-tab=\"1\" role=\"button\" aria-controls=\"elementor-tab-content-8711\" aria-expanded=\"false\">\n\t\t\t\t\t\t\t\t\t\t\t\t\t<span class=\"elementor-accordion-icon elementor-accordion-icon-right\" aria-hidden=\"true\">\n\t\t\t\t\t\t\t\t\t\t\t\t\t\t\t<span class=\"elementor-accordion-icon-closed\"><svg class=\"e-font-icon-svg e-fas-angle-down\" viewBox=\"0 0 320 512\" xmlns=\"http:\/\/www.w3.org\/2000\/svg\"><path d=\"M143 352.3L7 216.3c-9.4-9.4-9.4-24.6 0-33.9l22.6-22.6c9.4-9.4 24.6-9.4 33.9 0l96.4 96.4 96.4-96.4c9.4-9.4 24.6-9.4 33.9 0l22.6 22.6c9.4 9.4 9.4 24.6 0 33.9l-136 136c-9.2 9.4-24.4 9.4-33.8 0z\"><\/path><\/svg><\/span>\n\t\t\t\t\t\t\t\t<span class=\"elementor-accordion-icon-opened\"><svg class=\"e-font-icon-svg e-fas-angle-up\" viewBox=\"0 0 320 512\" xmlns=\"http:\/\/www.w3.org\/2000\/svg\"><path d=\"M177 159.7l136 136c9.4 9.4 9.4 24.6 0 33.9l-22.6 22.6c-9.4 9.4-24.6 9.4-33.9 0L160 255.9l-96.4 96.4c-9.4 9.4-24.6 9.4-33.9 0L7 329.7c-9.4-9.4-9.4-24.6 0-33.9l136-136c9.4-9.5 24.6-9.5 34-.1z\"><\/path><\/svg><\/span>\n\t\t\t\t\t\t\t\t\t\t\t\t\t\t<\/span>\n\t\t\t\t\t\t\t\t\t\t\t\t<a class=\"elementor-accordion-title\" tabindex=\"0\">Wie sind die Transporter versichert?<\/a>\n\t\t\t\t\t<\/div>\n\t\t\t\t\t<div id=\"elementor-tab-content-8711\" class=\"elementor-tab-content elementor-clearfix\" data-tab=\"1\" role=\"region\" aria-labelledby=\"elementor-tab-title-8711\"><p>Unsere VW-Transporter sind f\u00fcr die Anmietung All Risk versichert. Sie haben jedoch eine Selbstbeteiligung von 500 Euro, die Sie als Kaution hinterlegen. <\/p>\n<\/div>\n\t\t\t\t<\/div>\n\t\t\t\t\t\t\t\t\t\t<script type=\"application\/ld+json\">{\"@context\":\"https:\\\/\\\/schema.org\",\"@type\":\"FAQPage\",\"mainEntity\":[{\"@type\":\"Question\",\"name\":\"Wie sind die Transporter versichert?\",\"acceptedAnswer\":{\"@type\":\"Answer\",\"text\":\"<p>Unsere VW-Transporter sind f\\u00fcr die Anmietung All Risk versichert. Sie haben jedoch eine Selbstbeteiligung von 500 Euro, die Sie als Kaution hinterlegen. <\\\/p>\\n\"}}]}<\/script>\n\t\t\t\t\t<\/div>\n\t\t\t\t\t\t<\/div>\n\t\t\t\t<\/div>\n\t\t\t\t<div class=\"elementor-element elementor-element-a53df72 elementor-widget elementor-widget-accordion\" data-id=\"a53df72\" data-element_type=\"widget\" data-e-type=\"widget\" data-widget_type=\"accordion.default\">\n\t\t\t\t<div class=\"elementor-widget-container\">\n\t\t\t\t\t\t\t<div class=\"elementor-accordion\">\n\t\t\t\t\t\t\t<div class=\"elementor-accordion-item\">\n\t\t\t\t\t<div id=\"elementor-tab-title-1731\" class=\"elementor-tab-title\" data-tab=\"1\" role=\"button\" aria-controls=\"elementor-tab-content-1731\" aria-expanded=\"false\">\n\t\t\t\t\t\t\t\t\t\t\t\t\t<span class=\"elementor-accordion-icon elementor-accordion-icon-right\" aria-hidden=\"true\">\n\t\t\t\t\t\t\t\t\t\t\t\t\t\t\t<span class=\"elementor-accordion-icon-closed\"><svg class=\"e-font-icon-svg e-fas-angle-down\" viewBox=\"0 0 320 512\" xmlns=\"http:\/\/www.w3.org\/2000\/svg\"><path d=\"M143 352.3L7 216.3c-9.4-9.4-9.4-24.6 0-33.9l22.6-22.6c9.4-9.4 24.6-9.4 33.9 0l96.4 96.4 96.4-96.4c9.4-9.4 24.6-9.4 33.9 0l22.6 22.6c9.4 9.4 9.4 24.6 0 33.9l-136 136c-9.2 9.4-24.4 9.4-33.8 0z\"><\/path><\/svg><\/span>\n\t\t\t\t\t\t\t\t<span class=\"elementor-accordion-icon-opened\"><svg class=\"e-font-icon-svg e-fas-angle-up\" viewBox=\"0 0 320 512\" xmlns=\"http:\/\/www.w3.org\/2000\/svg\"><path d=\"M177 159.7l136 136c9.4 9.4 9.4 24.6 0 33.9l-22.6 22.6c-9.4 9.4-24.6 9.4-33.9 0L160 255.9l-96.4 96.4c-9.4 9.4-24.6 9.4-33.9 0L7 329.7c-9.4-9.4-9.4-24.6 0-33.9l136-136c9.4-9.5 24.6-9.5 34-.1z\"><\/path><\/svg><\/span>\n\t\t\t\t\t\t\t\t\t\t\t\t\t\t<\/span>\n\t\t\t\t\t\t\t\t\t\t\t\t<a class=\"elementor-accordion-title\" tabindex=\"0\">Kann ich meine eigene Route fahren?<\/a>\n\t\t\t\t\t<\/div>\n\t\t\t\t\t<div id=\"elementor-tab-content-1731\" class=\"elementor-tab-content elementor-clearfix\" data-tab=\"1\" role=\"region\" aria-labelledby=\"elementor-tab-title-1731\"><p>Unter bestimmten Bedingungen k\u00f6nnen Sie auch Ihre eigene Route fahren. Wir empfehlen jedoch immer unsere Route, da sie gr\u00f6\u00dftenteils im Freien verl\u00e4uft und sch\u00f6n zu fahren ist.   <br \/>Wenn Sie Ihre eigene Route fahren m\u00f6chten, geschieht dies immer zuerst in gegenseitigem Einvernehmen.  <\/p>\n<p>Die folgenden Bedingungen gelten immer:<\/p>\n<p>Autobahnen sind verboten;<\/p>\n<p>Beschr\u00e4nken Sie N-Stra\u00dfen so weit wie m\u00f6glich;<\/p>\n<p>Die Gesamtstrecke beschr\u00e4nkt sich auf insgesamt 75 Kilometer und das ist mehr als genug, wie wir aus Erfahrung wissen \ud83d\ude09 ;<\/p>\n<p>Das Fahren mit unseren Oldtimern schneller als 70 km\/h ist zu Ihrer Sicherheit, der Sicherheit Ihrer Fahrg\u00e4ste und zum Erhalt der Oldtimer nicht erlaubt. Au\u00dferdem sind alle unsere Oldtimer mit GPS-Systemen und Echtzeitinformationen \u00fcber Standort, Geschwindigkeit und Motorleistung ausgestattet.   <br \/>Aber seien Sie versichert&#8230; es macht Spa\u00df, in so einem sch\u00f6nen Oldtimer klassische Touren zu unternehmen! Jede Woche(ende) fahren unsere Vans auf die Stra\u00dfe und kehren voller Begeisterung zur\u00fcck :)!   <\/p>\n<\/div>\n\t\t\t\t<\/div>\n\t\t\t\t\t\t\t\t\t\t<script type=\"application\/ld+json\">{\"@context\":\"https:\\\/\\\/schema.org\",\"@type\":\"FAQPage\",\"mainEntity\":[{\"@type\":\"Question\",\"name\":\"Kann ich meine eigene Route fahren?\",\"acceptedAnswer\":{\"@type\":\"Answer\",\"text\":\"<p>Unter bestimmten Bedingungen k\\u00f6nnen Sie auch Ihre eigene Route fahren. Wir empfehlen jedoch immer unsere Route, da sie gr\\u00f6\\u00dftenteils im Freien verl\\u00e4uft und sch\\u00f6n zu fahren ist.   <br \\\/>Wenn Sie Ihre eigene Route fahren m\\u00f6chten, geschieht dies immer zuerst in gegenseitigem Einvernehmen.  <\\\/p>\\n<p>Die folgenden Bedingungen gelten immer:<\\\/p>\\n<p>Autobahnen sind verboten;<\\\/p>\\n<p>Beschr\\u00e4nken Sie N-Stra\\u00dfen so weit wie m\\u00f6glich;<\\\/p>\\n<p>Die Gesamtstrecke beschr\\u00e4nkt sich auf insgesamt 75 Kilometer und das ist mehr als genug, wie wir aus Erfahrung wissen \\ud83d\\ude09 ;<\\\/p>\\n<p>Das Fahren mit unseren Oldtimern schneller als 70 km\\\/h ist zu Ihrer Sicherheit, der Sicherheit Ihrer Fahrg\\u00e4ste und zum Erhalt der Oldtimer nicht erlaubt. Au\\u00dferdem sind alle unsere Oldtimer mit GPS-Systemen und Echtzeitinformationen \\u00fcber Standort, Geschwindigkeit und Motorleistung ausgestattet.   <br \\\/>Aber seien Sie versichert&#8230; es macht Spa\\u00df, in so einem sch\\u00f6nen Oldtimer klassische Touren zu unternehmen! Jede Woche(ende) fahren unsere Vans auf die Stra\\u00dfe und kehren voller Begeisterung zur\\u00fcck :)!   <\\\/p>\\n\"}}]}<\/script>\n\t\t\t\t\t<\/div>\n\t\t\t\t\t\t<\/div>\n\t\t\t\t<\/div>\n\t\t\t\t<div class=\"elementor-element elementor-element-dfaa7ec elementor-widget elementor-widget-accordion\" data-id=\"dfaa7ec\" data-element_type=\"widget\" data-e-type=\"widget\" data-widget_type=\"accordion.default\">\n\t\t\t\t<div class=\"elementor-widget-container\">\n\t\t\t\t\t\t\t<div class=\"elementor-accordion\">\n\t\t\t\t\t\t\t<div class=\"elementor-accordion-item\">\n\t\t\t\t\t<div id=\"elementor-tab-title-2341\" class=\"elementor-tab-title\" data-tab=\"1\" role=\"button\" aria-controls=\"elementor-tab-content-2341\" aria-expanded=\"false\">\n\t\t\t\t\t\t\t\t\t\t\t\t\t<span class=\"elementor-accordion-icon elementor-accordion-icon-right\" aria-hidden=\"true\">\n\t\t\t\t\t\t\t\t\t\t\t\t\t\t\t<span class=\"elementor-accordion-icon-closed\"><svg class=\"e-font-icon-svg e-fas-angle-down\" viewBox=\"0 0 320 512\" xmlns=\"http:\/\/www.w3.org\/2000\/svg\"><path d=\"M143 352.3L7 216.3c-9.4-9.4-9.4-24.6 0-33.9l22.6-22.6c9.4-9.4 24.6-9.4 33.9 0l96.4 96.4 96.4-96.4c9.4-9.4 24.6-9.4 33.9 0l22.6 22.6c9.4 9.4 9.4 24.6 0 33.9l-136 136c-9.2 9.4-24.4 9.4-33.8 0z\"><\/path><\/svg><\/span>\n\t\t\t\t\t\t\t\t<span class=\"elementor-accordion-icon-opened\"><svg class=\"e-font-icon-svg e-fas-angle-up\" viewBox=\"0 0 320 512\" xmlns=\"http:\/\/www.w3.org\/2000\/svg\"><path d=\"M177 159.7l136 136c9.4 9.4 9.4 24.6 0 33.9l-22.6 22.6c-9.4 9.4-24.6 9.4-33.9 0L160 255.9l-96.4 96.4c-9.4 9.4-24.6 9.4-33.9 0L7 329.7c-9.4-9.4-9.4-24.6 0-33.9l136-136c9.4-9.5 24.6-9.5 34-.1z\"><\/path><\/svg><\/span>\n\t\t\t\t\t\t\t\t\t\t\t\t\t\t<\/span>\n\t\t\t\t\t\t\t\t\t\t\t\t<a class=\"elementor-accordion-title\" tabindex=\"0\">Wie viele Personen passen in einen Van?<\/a>\n\t\t\t\t\t<\/div>\n\t\t\t\t\t<div id=\"elementor-tab-content-2341\" class=\"elementor-tab-content elementor-clearfix\" data-tab=\"1\" role=\"region\" aria-labelledby=\"elementor-tab-title-2341\"><p>Unsere T1-Wohnmobile bieten Platz f\u00fcr bis zu 7 Personen und die T2-Wohnmobile f\u00fcr bis zu 7 Personen, wenn Kinder anwesend sind.  <\/p>\n<\/div>\n\t\t\t\t<\/div>\n\t\t\t\t\t\t\t\t\t\t<script type=\"application\/ld+json\">{\"@context\":\"https:\\\/\\\/schema.org\",\"@type\":\"FAQPage\",\"mainEntity\":[{\"@type\":\"Question\",\"name\":\"Wie viele Personen passen in einen Van?\",\"acceptedAnswer\":{\"@type\":\"Answer\",\"text\":\"<p>Unsere T1-Wohnmobile bieten Platz f\\u00fcr bis zu 7 Personen und die T2-Wohnmobile f\\u00fcr bis zu 7 Personen, wenn Kinder anwesend sind.  <\\\/p>\\n\"}}]}<\/script>\n\t\t\t\t\t<\/div>\n\t\t\t\t\t\t<\/div>\n\t\t\t\t<\/div>\n\t\t\t\t<div class=\"elementor-element elementor-element-a5bfdac elementor-widget elementor-widget-accordion\" data-id=\"a5bfdac\" data-element_type=\"widget\" data-e-type=\"widget\" data-widget_type=\"accordion.default\">\n\t\t\t\t<div class=\"elementor-widget-container\">\n\t\t\t\t\t\t\t<div class=\"elementor-accordion\">\n\t\t\t\t\t\t\t<div class=\"elementor-accordion-item\">\n\t\t\t\t\t<div id=\"elementor-tab-title-1731\" class=\"elementor-tab-title\" data-tab=\"1\" role=\"button\" aria-controls=\"elementor-tab-content-1731\" aria-expanded=\"false\">\n\t\t\t\t\t\t\t\t\t\t\t\t\t<span class=\"elementor-accordion-icon elementor-accordion-icon-right\" aria-hidden=\"true\">\n\t\t\t\t\t\t\t\t\t\t\t\t\t\t\t<span class=\"elementor-accordion-icon-closed\"><svg class=\"e-font-icon-svg e-fas-angle-down\" viewBox=\"0 0 320 512\" xmlns=\"http:\/\/www.w3.org\/2000\/svg\"><path d=\"M143 352.3L7 216.3c-9.4-9.4-9.4-24.6 0-33.9l22.6-22.6c9.4-9.4 24.6-9.4 33.9 0l96.4 96.4 96.4-96.4c9.4-9.4 24.6-9.4 33.9 0l22.6 22.6c9.4 9.4 9.4 24.6 0 33.9l-136 136c-9.2 9.4-24.4 9.4-33.8 0z\"><\/path><\/svg><\/span>\n\t\t\t\t\t\t\t\t<span class=\"elementor-accordion-icon-opened\"><svg class=\"e-font-icon-svg e-fas-angle-up\" viewBox=\"0 0 320 512\" xmlns=\"http:\/\/www.w3.org\/2000\/svg\"><path d=\"M177 159.7l136 136c9.4 9.4 9.4 24.6 0 33.9l-22.6 22.6c-9.4 9.4-24.6 9.4-33.9 0L160 255.9l-96.4 96.4c-9.4 9.4-24.6 9.4-33.9 0L7 329.7c-9.4-9.4-9.4-24.6 0-33.9l136-136c9.4-9.5 24.6-9.5 34-.1z\"><\/path><\/svg><\/span>\n\t\t\t\t\t\t\t\t\t\t\t\t\t\t<\/span>\n\t\t\t\t\t\t\t\t\t\t\t\t<a class=\"elementor-accordion-title\" tabindex=\"0\">Gibt es in den Oldtimern eine Heizung?<\/a>\n\t\t\t\t\t<\/div>\n\t\t\t\t\t<div id=\"elementor-tab-content-1731\" class=\"elementor-tab-content elementor-clearfix\" data-tab=\"1\" role=\"region\" aria-labelledby=\"elementor-tab-title-1731\"><p>Oma Leentje, Opa Henkie und der Volkswagen Beetle verf\u00fcgen \u00fcber eine Heizung und die anderen Kleinbusse sind ohnehin mit vielen warmen Fleecedecken ausgestattet. An kalten Tagen k\u00f6nnen Sie sich an vielen Stellen entlang der Route an verschiedenen Aussichtspunkten oder in gastronomischen Einrichtungen aufw\u00e4rmen. Wir empfehlen immer warme Kleidung an k\u00fchlen Tagen. Au\u00dferdem wird es in den Vans mit Heizung nat\u00fcrlich nicht so warm wie in modernen Autos.<br \/>Bei sehr schlechtem Wetter ist es immer m\u00f6glich, die Tour auf einen besseren Zeitpunkt zu verschieben.  <\/p>\n<\/div>\n\t\t\t\t<\/div>\n\t\t\t\t\t\t\t\t\t\t<script type=\"application\/ld+json\">{\"@context\":\"https:\\\/\\\/schema.org\",\"@type\":\"FAQPage\",\"mainEntity\":[{\"@type\":\"Question\",\"name\":\"Gibt es in den Oldtimern eine Heizung?\",\"acceptedAnswer\":{\"@type\":\"Answer\",\"text\":\"<p>Oma Leentje, Opa Henkie und der Volkswagen Beetle verf\\u00fcgen \\u00fcber eine Heizung und die anderen Kleinbusse sind ohnehin mit vielen warmen Fleecedecken ausgestattet. An kalten Tagen k\\u00f6nnen Sie sich an vielen Stellen entlang der Route an verschiedenen Aussichtspunkten oder in gastronomischen Einrichtungen aufw\\u00e4rmen. Wir empfehlen immer warme Kleidung an k\\u00fchlen Tagen. Au\\u00dferdem wird es in den Vans mit Heizung nat\\u00fcrlich nicht so warm wie in modernen Autos.<br \\\/>Bei sehr schlechtem Wetter ist es immer m\\u00f6glich, die Tour auf einen besseren Zeitpunkt zu verschieben.  <\\\/p>\\n\"}}]}<\/script>\n\t\t\t\t\t<\/div>\n\t\t\t\t\t\t<\/div>\n\t\t\t\t<\/div>\n\t\t\t\t<div class=\"elementor-element elementor-element-f734400 elementor-widget elementor-widget-accordion\" data-id=\"f734400\" data-element_type=\"widget\" data-e-type=\"widget\" data-widget_type=\"accordion.default\">\n\t\t\t\t<div class=\"elementor-widget-container\">\n\t\t\t\t\t\t\t<div class=\"elementor-accordion\">\n\t\t\t\t\t\t\t<div class=\"elementor-accordion-item\">\n\t\t\t\t\t<div id=\"elementor-tab-title-2591\" class=\"elementor-tab-title\" data-tab=\"1\" role=\"button\" aria-controls=\"elementor-tab-content-2591\" aria-expanded=\"false\">\n\t\t\t\t\t\t\t\t\t\t\t\t\t<span class=\"elementor-accordion-icon elementor-accordion-icon-right\" aria-hidden=\"true\">\n\t\t\t\t\t\t\t\t\t\t\t\t\t\t\t<span class=\"elementor-accordion-icon-closed\"><svg class=\"e-font-icon-svg e-fas-angle-down\" viewBox=\"0 0 320 512\" xmlns=\"http:\/\/www.w3.org\/2000\/svg\"><path d=\"M143 352.3L7 216.3c-9.4-9.4-9.4-24.6 0-33.9l22.6-22.6c9.4-9.4 24.6-9.4 33.9 0l96.4 96.4 96.4-96.4c9.4-9.4 24.6-9.4 33.9 0l22.6 22.6c9.4 9.4 9.4 24.6 0 33.9l-136 136c-9.2 9.4-24.4 9.4-33.8 0z\"><\/path><\/svg><\/span>\n\t\t\t\t\t\t\t\t<span class=\"elementor-accordion-icon-opened\"><svg class=\"e-font-icon-svg e-fas-angle-up\" viewBox=\"0 0 320 512\" xmlns=\"http:\/\/www.w3.org\/2000\/svg\"><path d=\"M177 159.7l136 136c9.4 9.4 9.4 24.6 0 33.9l-22.6 22.6c-9.4 9.4-24.6 9.4-33.9 0L160 255.9l-96.4 96.4c-9.4 9.4-24.6 9.4-33.9 0L7 329.7c-9.4-9.4-9.4-24.6 0-33.9l136-136c9.4-9.5 24.6-9.5 34-.1z\"><\/path><\/svg><\/span>\n\t\t\t\t\t\t\t\t\t\t\t\t\t\t<\/span>\n\t\t\t\t\t\t\t\t\t\t\t\t<a class=\"elementor-accordion-title\" tabindex=\"0\">Kann ich eine Reservierung im Falle von schlechtem Wetter oder Krankheit verschieben?<\/a>\n\t\t\t\t\t<\/div>\n\t\t\t\t\t<div id=\"elementor-tab-content-2591\" class=\"elementor-tab-content elementor-clearfix\" data-tab=\"1\" role=\"region\" aria-labelledby=\"elementor-tab-title-2591\"><p>Bei sehr schlechtem Wetter (z.B. Code Gelb, Frost\/K\u00e4lte oder anhaltender starker Regen) ist es nach Absprache m\u00f6glich, die Reservierung auf einen sp\u00e4teren Zeitpunkt zu verschieben.<\/p>\n<\/div>\n\t\t\t\t<\/div>\n\t\t\t\t\t\t\t\t\t\t<script type=\"application\/ld+json\">{\"@context\":\"https:\\\/\\\/schema.org\",\"@type\":\"FAQPage\",\"mainEntity\":[{\"@type\":\"Question\",\"name\":\"Kann ich eine Reservierung im Falle von schlechtem Wetter oder Krankheit verschieben?\",\"acceptedAnswer\":{\"@type\":\"Answer\",\"text\":\"<p>Bei sehr schlechtem Wetter (z.B. Code Gelb, Frost\\\/K\\u00e4lte oder anhaltender starker Regen) ist es nach Absprache m\\u00f6glich, die Reservierung auf einen sp\\u00e4teren Zeitpunkt zu verschieben.<\\\/p>\\n\"}}]}<\/script>\n\t\t\t\t\t<\/div>\n\t\t\t\t\t\t<\/div>\n\t\t\t\t<\/div>\n\t\t\t\t<div class=\"elementor-element elementor-element-8e8c1bb elementor-widget elementor-widget-accordion\" data-id=\"8e8c1bb\" data-element_type=\"widget\" data-e-type=\"widget\" data-widget_type=\"accordion.default\">\n\t\t\t\t<div class=\"elementor-widget-container\">\n\t\t\t\t\t\t\t<div class=\"elementor-accordion\">\n\t\t\t\t\t\t\t<div class=\"elementor-accordion-item\">\n\t\t\t\t\t<div id=\"elementor-tab-title-1491\" class=\"elementor-tab-title\" data-tab=\"1\" role=\"button\" aria-controls=\"elementor-tab-content-1491\" aria-expanded=\"false\">\n\t\t\t\t\t\t\t\t\t\t\t\t\t<span class=\"elementor-accordion-icon elementor-accordion-icon-right\" aria-hidden=\"true\">\n\t\t\t\t\t\t\t\t\t\t\t\t\t\t\t<span class=\"elementor-accordion-icon-closed\"><svg class=\"e-font-icon-svg e-fas-angle-down\" viewBox=\"0 0 320 512\" xmlns=\"http:\/\/www.w3.org\/2000\/svg\"><path d=\"M143 352.3L7 216.3c-9.4-9.4-9.4-24.6 0-33.9l22.6-22.6c9.4-9.4 24.6-9.4 33.9 0l96.4 96.4 96.4-96.4c9.4-9.4 24.6-9.4 33.9 0l22.6 22.6c9.4 9.4 9.4 24.6 0 33.9l-136 136c-9.2 9.4-24.4 9.4-33.8 0z\"><\/path><\/svg><\/span>\n\t\t\t\t\t\t\t\t<span class=\"elementor-accordion-icon-opened\"><svg class=\"e-font-icon-svg e-fas-angle-up\" viewBox=\"0 0 320 512\" xmlns=\"http:\/\/www.w3.org\/2000\/svg\"><path d=\"M177 159.7l136 136c9.4 9.4 9.4 24.6 0 33.9l-22.6 22.6c-9.4 9.4-24.6 9.4-33.9 0L160 255.9l-96.4 96.4c-9.4 9.4-24.6 9.4-33.9 0L7 329.7c-9.4-9.4-9.4-24.6 0-33.9l136-136c9.4-9.5 24.6-9.5 34-.1z\"><\/path><\/svg><\/span>\n\t\t\t\t\t\t\t\t\t\t\t\t\t\t<\/span>\n\t\t\t\t\t\t\t\t\t\t\t\t<a class=\"elementor-accordion-title\" tabindex=\"0\">Wie kann ich einen Geschenkgutschein bestellen?<\/a>\n\t\t\t\t\t<\/div>\n\t\t\t\t\t<div id=\"elementor-tab-content-1491\" class=\"elementor-tab-content elementor-clearfix\" data-tab=\"1\" role=\"region\" aria-labelledby=\"elementor-tab-title-1491\"><p>Ganz einfach. W\u00e4hlen Sie dazu die Option &#8218;Geschenkgutschein&#8216; im Men\u00fc. Oder klicken Sie auf das Symbol mit dem Umschlag. Sie k\u00f6nnen aus verschiedenen Geschenkgutscheinen w\u00e4hlen und diese per Post oder E-Mail versenden. Der Empf\u00e4nger kann dann auf dieser Website eine Buchung vornehmen und den Rabattcode (der auf dem Geschenkgutschein angegeben ist) verwenden.      <br \/>\u00dcberraschen Sie jemanden schnell mit unserem einzigartigen Geschenkgutschein!  <\/p>\n<\/div>\n\t\t\t\t<\/div>\n\t\t\t\t\t\t\t\t\t\t<script type=\"application\/ld+json\">{\"@context\":\"https:\\\/\\\/schema.org\",\"@type\":\"FAQPage\",\"mainEntity\":[{\"@type\":\"Question\",\"name\":\"Wie kann ich einen Geschenkgutschein bestellen?\",\"acceptedAnswer\":{\"@type\":\"Answer\",\"text\":\"<p>Ganz einfach. W\\u00e4hlen Sie dazu die Option &#8218;Geschenkgutschein&#8216; im Men\\u00fc. Oder klicken Sie auf das Symbol mit dem Umschlag. Sie k\\u00f6nnen aus verschiedenen Geschenkgutscheinen w\\u00e4hlen und diese per Post oder E-Mail versenden. Der Empf\\u00e4nger kann dann auf dieser Website eine Buchung vornehmen und den Rabattcode (der auf dem Geschenkgutschein angegeben ist) verwenden.      <br \\\/>\\u00dcberraschen Sie jemanden schnell mit unserem einzigartigen Geschenkgutschein!  <\\\/p>\\n\"}}]}<\/script>\n\t\t\t\t\t<\/div>\n\t\t\t\t\t\t<\/div>\n\t\t\t\t<\/div>\n\t\t\t\t<div class=\"elementor-element elementor-element-0a4be01 elementor-widget elementor-widget-accordion\" data-id=\"0a4be01\" data-element_type=\"widget\" data-e-type=\"widget\" data-widget_type=\"accordion.default\">\n\t\t\t\t<div class=\"elementor-widget-container\">\n\t\t\t\t\t\t\t<div class=\"elementor-accordion\">\n\t\t\t\t\t\t\t<div class=\"elementor-accordion-item\">\n\t\t\t\t\t<div id=\"elementor-tab-title-1071\" class=\"elementor-tab-title\" data-tab=\"1\" role=\"button\" aria-controls=\"elementor-tab-content-1071\" aria-expanded=\"false\">\n\t\t\t\t\t\t\t\t\t\t\t\t\t<span class=\"elementor-accordion-icon elementor-accordion-icon-right\" aria-hidden=\"true\">\n\t\t\t\t\t\t\t\t\t\t\t\t\t\t\t<span class=\"elementor-accordion-icon-closed\"><svg class=\"e-font-icon-svg e-fas-angle-down\" viewBox=\"0 0 320 512\" xmlns=\"http:\/\/www.w3.org\/2000\/svg\"><path d=\"M143 352.3L7 216.3c-9.4-9.4-9.4-24.6 0-33.9l22.6-22.6c9.4-9.4 24.6-9.4 33.9 0l96.4 96.4 96.4-96.4c9.4-9.4 24.6-9.4 33.9 0l22.6 22.6c9.4 9.4 9.4 24.6 0 33.9l-136 136c-9.2 9.4-24.4 9.4-33.8 0z\"><\/path><\/svg><\/span>\n\t\t\t\t\t\t\t\t<span class=\"elementor-accordion-icon-opened\"><svg class=\"e-font-icon-svg e-fas-angle-up\" viewBox=\"0 0 320 512\" xmlns=\"http:\/\/www.w3.org\/2000\/svg\"><path d=\"M177 159.7l136 136c9.4 9.4 9.4 24.6 0 33.9l-22.6 22.6c-9.4 9.4-24.6 9.4-33.9 0L160 255.9l-96.4 96.4c-9.4 9.4-24.6 9.4-33.9 0L7 329.7c-9.4-9.4-9.4-24.6 0-33.9l136-136c9.4-9.5 24.6-9.5 34-.1z\"><\/path><\/svg><\/span>\n\t\t\t\t\t\t\t\t\t\t\t\t\t\t<\/span>\n\t\t\t\t\t\t\t\t\t\t\t\t<a class=\"elementor-accordion-title\" tabindex=\"0\">Was ist der Unterschied zwischen einem T1 und T2 Transporter?<\/a>\n\t\t\t\t\t<\/div>\n\t\t\t\t\t<div id=\"elementor-tab-content-1071\" class=\"elementor-tab-content elementor-clearfix\" data-tab=\"1\" role=\"region\" aria-labelledby=\"elementor-tab-title-1071\"><p>Der T1 ist der \u00e4lteste Transporter, mit dem alles begann, mit dem charakteristischen Balken in der Windschutzscheibe und deshalb auch Balkenwagen genannt. Mittlerweile eine Stilikone mit dem bekannten gro\u00dfen VW-Logo auf der charakteristischen Nase. Unsere T1 Transporter sind keine Wohnmobile, sondern mit gegen\u00fcberliegenden Sitzb\u00e4nken (so genannten Zugsitzen) und eventuell einem separaten Tisch dazwischen.&nbsp;<\/p>\n<p>Der Nachfolger ist nat\u00fcrlich der T2 VW-Van mit einer gew\u00f6lbten Windschutzscheibe, einem kleineren VW-Logo auf der etwas anderen Nase und weil er der Nachfolger des T1 in der T(ransporter)-Reihe der VW-Vans ist, ist er nat\u00fcrlich etwas &#8218;moderner&#8216; und dieser Van f\u00e4hrt sich etwas besser als der T1 Unsere T2-Vans sind meist Wohnmobile und mit einem (klappbaren) Tisch und K\u00fchlschrank und einem Wohnmobil-Innenraum f\u00fcr 5 bis 6 Personen ausgestattet.<\/p>\n<\/div>\n\t\t\t\t<\/div>\n\t\t\t\t\t\t\t\t\t\t<script type=\"application\/ld+json\">{\"@context\":\"https:\\\/\\\/schema.org\",\"@type\":\"FAQPage\",\"mainEntity\":[{\"@type\":\"Question\",\"name\":\"Was ist der Unterschied zwischen einem T1 und T2 Transporter?\",\"acceptedAnswer\":{\"@type\":\"Answer\",\"text\":\"<p>Der T1 ist der \\u00e4lteste Transporter, mit dem alles begann, mit dem charakteristischen Balken in der Windschutzscheibe und deshalb auch Balkenwagen genannt. Mittlerweile eine Stilikone mit dem bekannten gro\\u00dfen VW-Logo auf der charakteristischen Nase. Unsere T1 Transporter sind keine Wohnmobile, sondern mit gegen\\u00fcberliegenden Sitzb\\u00e4nken (so genannten Zugsitzen) und eventuell einem separaten Tisch dazwischen.&nbsp;<\\\/p>\\n<p>Der Nachfolger ist nat\\u00fcrlich der T2 VW-Van mit einer gew\\u00f6lbten Windschutzscheibe, einem kleineren VW-Logo auf der etwas anderen Nase und weil er der Nachfolger des T1 in der T(ransporter)-Reihe der VW-Vans ist, ist er nat\\u00fcrlich etwas &#8218;moderner&#8216; und dieser Van f\\u00e4hrt sich etwas besser als der T1 Unsere T2-Vans sind meist Wohnmobile und mit einem (klappbaren) Tisch und K\\u00fchlschrank und einem Wohnmobil-Innenraum f\\u00fcr 5 bis 6 Personen ausgestattet.<\\\/p>\\n\"}}]}<\/script>\n\t\t\t\t\t<\/div>\n\t\t\t\t\t\t<\/div>\n\t\t\t\t<\/div>\n\t\t\t\t<div class=\"elementor-element elementor-element-41e990e elementor-widget elementor-widget-accordion\" data-id=\"41e990e\" data-element_type=\"widget\" data-e-type=\"widget\" data-widget_type=\"accordion.default\">\n\t\t\t\t<div class=\"elementor-widget-container\">\n\t\t\t\t\t\t\t<div class=\"elementor-accordion\">\n\t\t\t\t\t\t\t<div class=\"elementor-accordion-item\">\n\t\t\t\t\t<div id=\"elementor-tab-title-6911\" class=\"elementor-tab-title\" data-tab=\"1\" role=\"button\" aria-controls=\"elementor-tab-content-6911\" aria-expanded=\"false\">\n\t\t\t\t\t\t\t\t\t\t\t\t\t<span class=\"elementor-accordion-icon elementor-accordion-icon-right\" aria-hidden=\"true\">\n\t\t\t\t\t\t\t\t\t\t\t\t\t\t\t<span class=\"elementor-accordion-icon-closed\"><svg class=\"e-font-icon-svg e-fas-angle-down\" viewBox=\"0 0 320 512\" xmlns=\"http:\/\/www.w3.org\/2000\/svg\"><path d=\"M143 352.3L7 216.3c-9.4-9.4-9.4-24.6 0-33.9l22.6-22.6c9.4-9.4 24.6-9.4 33.9 0l96.4 96.4 96.4-96.4c9.4-9.4 24.6-9.4 33.9 0l22.6 22.6c9.4 9.4 9.4 24.6 0 33.9l-136 136c-9.2 9.4-24.4 9.4-33.8 0z\"><\/path><\/svg><\/span>\n\t\t\t\t\t\t\t\t<span class=\"elementor-accordion-icon-opened\"><svg class=\"e-font-icon-svg e-fas-angle-up\" viewBox=\"0 0 320 512\" xmlns=\"http:\/\/www.w3.org\/2000\/svg\"><path d=\"M177 159.7l136 136c9.4 9.4 9.4 24.6 0 33.9l-22.6 22.6c-9.4 9.4-24.6 9.4-33.9 0L160 255.9l-96.4 96.4c-9.4 9.4-24.6 9.4-33.9 0L7 329.7c-9.4-9.4-9.4-24.6 0-33.9l136-136c9.4-9.5 24.6-9.5 34-.1z\"><\/path><\/svg><\/span>\n\t\t\t\t\t\t\t\t\t\t\t\t\t\t<\/span>\n\t\t\t\t\t\t\t\t\t\t\t\t<a class=\"elementor-accordion-title\" tabindex=\"0\">Sind die Transporter aufgrund ihres Alters schwer zu fahren?<\/a>\n\t\t\t\t\t<\/div>\n\t\t\t\t\t<div id=\"elementor-tab-content-6911\" class=\"elementor-tab-content elementor-clearfix\" data-tab=\"1\" role=\"region\" aria-labelledby=\"elementor-tab-title-6911\"><p>Nat\u00fcrlich sind diese Vans viel schwieriger zu fahren als ein modernes Auto. Sie fahren 40 oder sogar 50 Jahre zur\u00fcck in die Vergangenheit, daher gibt es keine Servobremsen und keine Servolenkung und auch das Schalten erfordert etwas Aufmerksamkeit und Sie sollten bedenken, dass das Fahren Konzentration erfordert, aber deshalb f\u00fchrt unsere Route gr\u00f6\u00dftenteils \u00fcber Nebenstra\u00dfen und Feldwege, so dass Sie in aller Ruhe &#8218;touren&#8216; k\u00f6nnen, ohne von anderen (schnelleren) Verkehrsteilnehmern zu sehr gest\u00f6rt zu werden.<\/p>\n<\/div>\n\t\t\t\t<\/div>\n\t\t\t\t\t\t\t\t\t\t<script type=\"application\/ld+json\">{\"@context\":\"https:\\\/\\\/schema.org\",\"@type\":\"FAQPage\",\"mainEntity\":[{\"@type\":\"Question\",\"name\":\"Sind die Transporter aufgrund ihres Alters schwer zu fahren?\",\"acceptedAnswer\":{\"@type\":\"Answer\",\"text\":\"<p>Nat\\u00fcrlich sind diese Vans viel schwieriger zu fahren als ein modernes Auto. Sie fahren 40 oder sogar 50 Jahre zur\\u00fcck in die Vergangenheit, daher gibt es keine Servobremsen und keine Servolenkung und auch das Schalten erfordert etwas Aufmerksamkeit und Sie sollten bedenken, dass das Fahren Konzentration erfordert, aber deshalb f\\u00fchrt unsere Route gr\\u00f6\\u00dftenteils \\u00fcber Nebenstra\\u00dfen und Feldwege, so dass Sie in aller Ruhe &#8218;touren&#8216; k\\u00f6nnen, ohne von anderen (schnelleren) Verkehrsteilnehmern zu sehr gest\\u00f6rt zu werden.<\\\/p>\\n\"}}]}<\/script>\n\t\t\t\t\t<\/div>\n\t\t\t\t\t\t<\/div>\n\t\t\t\t<\/div>\n\t\t\t\t<div class=\"elementor-element elementor-element-dd4f13e elementor-widget elementor-widget-accordion\" data-id=\"dd4f13e\" data-element_type=\"widget\" data-e-type=\"widget\" data-widget_type=\"accordion.default\">\n\t\t\t\t<div class=\"elementor-widget-container\">\n\t\t\t\t\t\t\t<div class=\"elementor-accordion\">\n\t\t\t\t\t\t\t<div class=\"elementor-accordion-item\">\n\t\t\t\t\t<div id=\"elementor-tab-title-2321\" class=\"elementor-tab-title\" data-tab=\"1\" role=\"button\" aria-controls=\"elementor-tab-content-2321\" aria-expanded=\"false\">\n\t\t\t\t\t\t\t\t\t\t\t\t\t<span class=\"elementor-accordion-icon elementor-accordion-icon-right\" aria-hidden=\"true\">\n\t\t\t\t\t\t\t\t\t\t\t\t\t\t\t<span class=\"elementor-accordion-icon-closed\"><svg class=\"e-font-icon-svg e-fas-angle-down\" viewBox=\"0 0 320 512\" xmlns=\"http:\/\/www.w3.org\/2000\/svg\"><path d=\"M143 352.3L7 216.3c-9.4-9.4-9.4-24.6 0-33.9l22.6-22.6c9.4-9.4 24.6-9.4 33.9 0l96.4 96.4 96.4-96.4c9.4-9.4 24.6-9.4 33.9 0l22.6 22.6c9.4 9.4 9.4 24.6 0 33.9l-136 136c-9.2 9.4-24.4 9.4-33.8 0z\"><\/path><\/svg><\/span>\n\t\t\t\t\t\t\t\t<span class=\"elementor-accordion-icon-opened\"><svg class=\"e-font-icon-svg e-fas-angle-up\" viewBox=\"0 0 320 512\" xmlns=\"http:\/\/www.w3.org\/2000\/svg\"><path d=\"M177 159.7l136 136c9.4 9.4 9.4 24.6 0 33.9l-22.6 22.6c-9.4 9.4-24.6 9.4-33.9 0L160 255.9l-96.4 96.4c-9.4 9.4-24.6 9.4-33.9 0L7 329.7c-9.4-9.4-9.4-24.6 0-33.9l136-136c9.4-9.5 24.6-9.5 34-.1z\"><\/path><\/svg><\/span>\n\t\t\t\t\t\t\t\t\t\t\t\t\t\t<\/span>\n\t\t\t\t\t\t\t\t\t\t\t\t<a class=\"elementor-accordion-title\" tabindex=\"0\">Wie lang ist die Strecke und wie erhalte ich eine Wegbeschreibung?<\/a>\n\t\t\t\t\t<\/div>\n\t\t\t\t\t<div id=\"elementor-tab-content-2321\" class=\"elementor-tab-content elementor-clearfix\" data-tab=\"1\" role=\"region\" aria-labelledby=\"elementor-tab-title-2321\"><p>Die Gesamtfahrzeit der Route mit einem Oldtimer betr\u00e4gt \u00fcber 2 Stunden und etwa 60 km Entfernung. Inklusive der 4 bis 5 Stopps sind die 7 Stunden, die Sie f\u00fcr die Vanmiete brauchen, mehr als genug. Die Route beginnt in De Lutte und der Endpunkt ist ebenfalls wieder in De Lutte. Nach der Buchung erhalten Sie automatisch eine Routenbeschreibung per E-Mail, die Sie auf Wunsch selbst ausdrucken k\u00f6nnen. Sie k\u00f6nnen aber auch eine gedruckte Version bei unserer Vermietstation in der Ambachtstraat 6b in De Lutte erhalten.   &nbsp;&nbsp;<\/p>\n<\/div>\n\t\t\t\t<\/div>\n\t\t\t\t\t\t\t\t\t\t<script type=\"application\/ld+json\">{\"@context\":\"https:\\\/\\\/schema.org\",\"@type\":\"FAQPage\",\"mainEntity\":[{\"@type\":\"Question\",\"name\":\"Wie lang ist die Strecke und wie erhalte ich eine Wegbeschreibung?\",\"acceptedAnswer\":{\"@type\":\"Answer\",\"text\":\"<p>Die Gesamtfahrzeit der Route mit einem Oldtimer betr\\u00e4gt \\u00fcber 2 Stunden und etwa 60 km Entfernung. Inklusive der 4 bis 5 Stopps sind die 7 Stunden, die Sie f\\u00fcr die Vanmiete brauchen, mehr als genug. Die Route beginnt in De Lutte und der Endpunkt ist ebenfalls wieder in De Lutte. Nach der Buchung erhalten Sie automatisch eine Routenbeschreibung per E-Mail, die Sie auf Wunsch selbst ausdrucken k\\u00f6nnen. Sie k\\u00f6nnen aber auch eine gedruckte Version bei unserer Vermietstation in der Ambachtstraat 6b in De Lutte erhalten.   &nbsp;&nbsp;<\\\/p>\\n\"}}]}<\/script>\n\t\t\t\t\t<\/div>\n\t\t\t\t\t\t<\/div>\n\t\t\t\t<\/div>\n\t\t\t\t<div class=\"elementor-element elementor-element-39beb00 elementor-widget elementor-widget-accordion\" data-id=\"39beb00\" data-element_type=\"widget\" data-e-type=\"widget\" data-widget_type=\"accordion.default\">\n\t\t\t\t<div class=\"elementor-widget-container\">\n\t\t\t\t\t\t\t<div class=\"elementor-accordion\">\n\t\t\t\t\t\t\t<div class=\"elementor-accordion-item\">\n\t\t\t\t\t<div id=\"elementor-tab-title-6051\" class=\"elementor-tab-title\" data-tab=\"1\" role=\"button\" aria-controls=\"elementor-tab-content-6051\" aria-expanded=\"false\">\n\t\t\t\t\t\t\t\t\t\t\t\t\t<span class=\"elementor-accordion-icon elementor-accordion-icon-right\" aria-hidden=\"true\">\n\t\t\t\t\t\t\t\t\t\t\t\t\t\t\t<span class=\"elementor-accordion-icon-closed\"><svg class=\"e-font-icon-svg e-fas-angle-down\" viewBox=\"0 0 320 512\" xmlns=\"http:\/\/www.w3.org\/2000\/svg\"><path d=\"M143 352.3L7 216.3c-9.4-9.4-9.4-24.6 0-33.9l22.6-22.6c9.4-9.4 24.6-9.4 33.9 0l96.4 96.4 96.4-96.4c9.4-9.4 24.6-9.4 33.9 0l22.6 22.6c9.4 9.4 9.4 24.6 0 33.9l-136 136c-9.2 9.4-24.4 9.4-33.8 0z\"><\/path><\/svg><\/span>\n\t\t\t\t\t\t\t\t<span class=\"elementor-accordion-icon-opened\"><svg class=\"e-font-icon-svg e-fas-angle-up\" viewBox=\"0 0 320 512\" xmlns=\"http:\/\/www.w3.org\/2000\/svg\"><path d=\"M177 159.7l136 136c9.4 9.4 9.4 24.6 0 33.9l-22.6 22.6c-9.4 9.4-24.6 9.4-33.9 0L160 255.9l-96.4 96.4c-9.4 9.4-24.6 9.4-33.9 0L7 329.7c-9.4-9.4-9.4-24.6 0-33.9l136-136c9.4-9.5 24.6-9.5 34-.1z\"><\/path><\/svg><\/span>\n\t\t\t\t\t\t\t\t\t\t\t\t\t\t<\/span>\n\t\t\t\t\t\t\t\t\t\t\t\t<a class=\"elementor-accordion-title\" tabindex=\"0\">Bekomme ich den Van immer wie gebucht?<\/a>\n\t\t\t\t\t<\/div>\n\t\t\t\t\t<div id=\"elementor-tab-content-6051\" class=\"elementor-tab-content elementor-clearfix\" data-tab=\"1\" role=\"region\" aria-labelledby=\"elementor-tab-title-6051\"><p>Im Prinzip ist das der Fall. Aber Sie werden auch verstehen, dass Autos und insbesondere Oldtimer gewartet werden m\u00fcssen. Es ist eine ziemliche Arbeit, Oldtimer am Laufen zu halten, und manchmal sind Ersatzteile schwer zu bekommen. Wir k\u00f6nnen nicht garantieren, dass das Fahrzeug immer einsatzf\u00e4hig ist. Zum Gl\u00fcck haben wir oft gleichwertige Alternativen zur Verf\u00fcgung. Sollte das gebuchte Fahrzeug aufgrund eines technischen Defekts nicht verf\u00fcgbar sein, k\u00f6nnen Sie die Buchung jederzeit stornieren. Der volle Betrag wird Ihnen dann erstattet.        <\/p>\n<\/div>\n\t\t\t\t<\/div>\n\t\t\t\t\t\t\t\t\t\t<script type=\"application\/ld+json\">{\"@context\":\"https:\\\/\\\/schema.org\",\"@type\":\"FAQPage\",\"mainEntity\":[{\"@type\":\"Question\",\"name\":\"Bekomme ich den Van immer wie gebucht?\",\"acceptedAnswer\":{\"@type\":\"Answer\",\"text\":\"<p>Im Prinzip ist das der Fall. Aber Sie werden auch verstehen, dass Autos und insbesondere Oldtimer gewartet werden m\\u00fcssen. Es ist eine ziemliche Arbeit, Oldtimer am Laufen zu halten, und manchmal sind Ersatzteile schwer zu bekommen. Wir k\\u00f6nnen nicht garantieren, dass das Fahrzeug immer einsatzf\\u00e4hig ist. Zum Gl\\u00fcck haben wir oft gleichwertige Alternativen zur Verf\\u00fcgung. Sollte das gebuchte Fahrzeug aufgrund eines technischen Defekts nicht verf\\u00fcgbar sein, k\\u00f6nnen Sie die Buchung jederzeit stornieren. Der volle Betrag wird Ihnen dann erstattet.        <\\\/p>\\n\"}}]}<\/script>\n\t\t\t\t\t<\/div>\n\t\t\t\t\t\t<\/div>\n\t\t\t\t<\/div>\n\t\t\t\t<div class=\"elementor-element elementor-element-7f6f9e9 elementor-widget elementor-widget-accordion\" data-id=\"7f6f9e9\" data-element_type=\"widget\" data-e-type=\"widget\" data-widget_type=\"accordion.default\">\n\t\t\t\t<div class=\"elementor-widget-container\">\n\t\t\t\t\t\t\t<div class=\"elementor-accordion\">\n\t\t\t\t\t\t\t<div class=\"elementor-accordion-item\">\n\t\t\t\t\t<div id=\"elementor-tab-title-1331\" class=\"elementor-tab-title\" data-tab=\"1\" role=\"button\" aria-controls=\"elementor-tab-content-1331\" aria-expanded=\"false\">\n\t\t\t\t\t\t\t\t\t\t\t\t\t<span class=\"elementor-accordion-icon elementor-accordion-icon-right\" aria-hidden=\"true\">\n\t\t\t\t\t\t\t\t\t\t\t\t\t\t\t<span class=\"elementor-accordion-icon-closed\"><svg class=\"e-font-icon-svg e-fas-angle-down\" viewBox=\"0 0 320 512\" xmlns=\"http:\/\/www.w3.org\/2000\/svg\"><path d=\"M143 352.3L7 216.3c-9.4-9.4-9.4-24.6 0-33.9l22.6-22.6c9.4-9.4 24.6-9.4 33.9 0l96.4 96.4 96.4-96.4c9.4-9.4 24.6-9.4 33.9 0l22.6 22.6c9.4 9.4 9.4 24.6 0 33.9l-136 136c-9.2 9.4-24.4 9.4-33.8 0z\"><\/path><\/svg><\/span>\n\t\t\t\t\t\t\t\t<span class=\"elementor-accordion-icon-opened\"><svg class=\"e-font-icon-svg e-fas-angle-up\" viewBox=\"0 0 320 512\" xmlns=\"http:\/\/www.w3.org\/2000\/svg\"><path d=\"M177 159.7l136 136c9.4 9.4 9.4 24.6 0 33.9l-22.6 22.6c-9.4 9.4-24.6 9.4-33.9 0L160 255.9l-96.4 96.4c-9.4 9.4-24.6 9.4-33.9 0L7 329.7c-9.4-9.4-9.4-24.6 0-33.9l136-136c9.4-9.5 24.6-9.5 34-.1z\"><\/path><\/svg><\/span>\n\t\t\t\t\t\t\t\t\t\t\t\t\t\t<\/span>\n\t\t\t\t\t\t\t\t\t\t\t\t<a class=\"elementor-accordion-title\" tabindex=\"0\">Ist ein Hund in Oldtimern erlaubt?<\/a>\n\t\t\t\t\t<\/div>\n\t\t\t\t\t<div id=\"elementor-tab-content-1331\" class=\"elementor-tab-content elementor-clearfix\" data-tab=\"1\" role=\"region\" aria-labelledby=\"elementor-tab-title-1331\"><p>Hunde sind in unseren VW-Bussen leider nicht erlaubt.<\/p>\n<\/div>\n\t\t\t\t<\/div>\n\t\t\t\t\t\t\t\t\t\t<script type=\"application\/ld+json\">{\"@context\":\"https:\\\/\\\/schema.org\",\"@type\":\"FAQPage\",\"mainEntity\":[{\"@type\":\"Question\",\"name\":\"Ist ein Hund in Oldtimern erlaubt?\",\"acceptedAnswer\":{\"@type\":\"Answer\",\"text\":\"<p>Hunde sind in unseren VW-Bussen leider nicht erlaubt.<\\\/p>\\n\"}}]}<\/script>\n\t\t\t\t\t<\/div>\n\t\t\t\t\t\t<\/div>\n\t\t\t\t<\/div>\n\t\t\t\t<div class=\"elementor-element elementor-element-ada1a92 elementor-widget elementor-widget-accordion\" data-id=\"ada1a92\" data-element_type=\"widget\" data-e-type=\"widget\" data-widget_type=\"accordion.default\">\n\t\t\t\t<div class=\"elementor-widget-container\">\n\t\t\t\t\t\t\t<div class=\"elementor-accordion\">\n\t\t\t\t\t\t\t<div class=\"elementor-accordion-item\">\n\t\t\t\t\t<div id=\"elementor-tab-title-1821\" class=\"elementor-tab-title\" data-tab=\"1\" role=\"button\" aria-controls=\"elementor-tab-content-1821\" aria-expanded=\"false\">\n\t\t\t\t\t\t\t\t\t\t\t\t\t<span class=\"elementor-accordion-icon elementor-accordion-icon-right\" aria-hidden=\"true\">\n\t\t\t\t\t\t\t\t\t\t\t\t\t\t\t<span class=\"elementor-accordion-icon-closed\"><svg class=\"e-font-icon-svg e-fas-angle-down\" viewBox=\"0 0 320 512\" xmlns=\"http:\/\/www.w3.org\/2000\/svg\"><path d=\"M143 352.3L7 216.3c-9.4-9.4-9.4-24.6 0-33.9l22.6-22.6c9.4-9.4 24.6-9.4 33.9 0l96.4 96.4 96.4-96.4c9.4-9.4 24.6-9.4 33.9 0l22.6 22.6c9.4 9.4 9.4 24.6 0 33.9l-136 136c-9.2 9.4-24.4 9.4-33.8 0z\"><\/path><\/svg><\/span>\n\t\t\t\t\t\t\t\t<span class=\"elementor-accordion-icon-opened\"><svg class=\"e-font-icon-svg e-fas-angle-up\" viewBox=\"0 0 320 512\" xmlns=\"http:\/\/www.w3.org\/2000\/svg\"><path d=\"M177 159.7l136 136c9.4 9.4 9.4 24.6 0 33.9l-22.6 22.6c-9.4 9.4-24.6 9.4-33.9 0L160 255.9l-96.4 96.4c-9.4 9.4-24.6 9.4-33.9 0L7 329.7c-9.4-9.4-9.4-24.6 0-33.9l136-136c9.4-9.5 24.6-9.5 34-.1z\"><\/path><\/svg><\/span>\n\t\t\t\t\t\t\t\t\t\t\t\t\t\t<\/span>\n\t\t\t\t\t\t\t\t\t\t\t\t<a class=\"elementor-accordion-title\" tabindex=\"0\">Gibt es eine vegetarische Version?<\/a>\n\t\t\t\t\t<\/div>\n\t\t\t\t\t<div id=\"elementor-tab-content-1821\" class=\"elementor-tab-content elementor-clearfix\" data-tab=\"1\" role=\"region\" aria-labelledby=\"elementor-tab-title-1821\"><p>Wir k\u00f6nnen das Men\u00fc aufgrund von Schwangerschaft, Unvertr\u00e4glichkeiten, glutenfreien und\/oder vegetarischen Optionen an Ihre Bed\u00fcrfnisse anpassen. Bitte erw\u00e4hnen Sie dies im Kommentarbereich und wir werden Ihr Men\u00fc entsprechend anpassen.<\/p>\n<\/div>\n\t\t\t\t<\/div>\n\t\t\t\t\t\t\t\t\t\t<script type=\"application\/ld+json\">{\"@context\":\"https:\\\/\\\/schema.org\",\"@type\":\"FAQPage\",\"mainEntity\":[{\"@type\":\"Question\",\"name\":\"Gibt es eine vegetarische Version?\",\"acceptedAnswer\":{\"@type\":\"Answer\",\"text\":\"<p>Wir k\\u00f6nnen das Men\\u00fc aufgrund von Schwangerschaft, Unvertr\\u00e4glichkeiten, glutenfreien und\\\/oder vegetarischen Optionen an Ihre Bed\\u00fcrfnisse anpassen. Bitte erw\\u00e4hnen Sie dies im Kommentarbereich und wir werden Ihr Men\\u00fc entsprechend anpassen.<\\\/p>\\n\"}}]}<\/script>\n\t\t\t\t\t<\/div>\n\t\t\t\t\t\t<\/div>\n\t\t\t\t<\/div>\n\t\t\t\t<div class=\"elementor-element elementor-element-98e2195 elementor-widget elementor-widget-accordion\" data-id=\"98e2195\" data-element_type=\"widget\" data-e-type=\"widget\" data-widget_type=\"accordion.default\">\n\t\t\t\t<div class=\"elementor-widget-container\">\n\t\t\t\t\t\t\t<div class=\"elementor-accordion\">\n\t\t\t\t\t\t\t<div class=\"elementor-accordion-item\">\n\t\t\t\t\t<div id=\"elementor-tab-title-1601\" class=\"elementor-tab-title\" data-tab=\"1\" role=\"button\" aria-controls=\"elementor-tab-content-1601\" aria-expanded=\"false\">\n\t\t\t\t\t\t\t\t\t\t\t\t\t<span class=\"elementor-accordion-icon elementor-accordion-icon-right\" aria-hidden=\"true\">\n\t\t\t\t\t\t\t\t\t\t\t\t\t\t\t<span class=\"elementor-accordion-icon-closed\"><svg class=\"e-font-icon-svg e-fas-angle-down\" viewBox=\"0 0 320 512\" xmlns=\"http:\/\/www.w3.org\/2000\/svg\"><path d=\"M143 352.3L7 216.3c-9.4-9.4-9.4-24.6 0-33.9l22.6-22.6c9.4-9.4 24.6-9.4 33.9 0l96.4 96.4 96.4-96.4c9.4-9.4 24.6-9.4 33.9 0l22.6 22.6c9.4 9.4 9.4 24.6 0 33.9l-136 136c-9.2 9.4-24.4 9.4-33.8 0z\"><\/path><\/svg><\/span>\n\t\t\t\t\t\t\t\t<span class=\"elementor-accordion-icon-opened\"><svg class=\"e-font-icon-svg e-fas-angle-up\" viewBox=\"0 0 320 512\" xmlns=\"http:\/\/www.w3.org\/2000\/svg\"><path d=\"M177 159.7l136 136c9.4 9.4 9.4 24.6 0 33.9l-22.6 22.6c-9.4 9.4-24.6 9.4-33.9 0L160 255.9l-96.4 96.4c-9.4 9.4-24.6 9.4-33.9 0L7 329.7c-9.4-9.4-9.4-24.6 0-33.9l136-136c9.4-9.5 24.6-9.5 34-.1z\"><\/path><\/svg><\/span>\n\t\t\t\t\t\t\t\t\t\t\t\t\t\t<\/span>\n\t\t\t\t\t\t\t\t\t\t\t\t<a class=\"elementor-accordion-title\" tabindex=\"0\">Wie alt m\u00fcssen Sie sein, um einen Oldtimer oder Transporter zu mieten?<\/a>\n\t\t\t\t\t<\/div>\n\t\t\t\t\t<div id=\"elementor-tab-content-1601\" class=\"elementor-tab-content elementor-clearfix\" data-tab=\"1\" role=\"region\" aria-labelledby=\"elementor-tab-title-1601\"><p>Das Mindestalter f\u00fcr die Anmietung eines Oldtimers bei uns ist 24 Jahre alt.<\/p>\n<\/div>\n\t\t\t\t<\/div>\n\t\t\t\t\t\t\t\t\t\t<script type=\"application\/ld+json\">{\"@context\":\"https:\\\/\\\/schema.org\",\"@type\":\"FAQPage\",\"mainEntity\":[{\"@type\":\"Question\",\"name\":\"Wie alt m\\u00fcssen Sie sein, um einen Oldtimer oder Transporter zu mieten?\",\"acceptedAnswer\":{\"@type\":\"Answer\",\"text\":\"<p>Das Mindestalter f\\u00fcr die Anmietung eines Oldtimers bei uns ist 24 Jahre alt.<\\\/p>\\n\"}}]}<\/script>\n\t\t\t\t\t<\/div>\n\t\t\t\t\t\t<\/div>\n\t\t\t\t<\/div>\n\t\t\t\t<div class=\"elementor-element elementor-element-b1271b8 elementor-widget elementor-widget-accordion\" data-id=\"b1271b8\" data-element_type=\"widget\" data-e-type=\"widget\" data-widget_type=\"accordion.default\">\n\t\t\t\t<div class=\"elementor-widget-container\">\n\t\t\t\t\t\t\t<div class=\"elementor-accordion\">\n\t\t\t\t\t\t\t<div class=\"elementor-accordion-item\">\n\t\t\t\t\t<div id=\"elementor-tab-title-1851\" class=\"elementor-tab-title\" data-tab=\"1\" role=\"button\" aria-controls=\"elementor-tab-content-1851\" aria-expanded=\"false\">\n\t\t\t\t\t\t\t\t\t\t\t\t\t<span class=\"elementor-accordion-icon elementor-accordion-icon-right\" aria-hidden=\"true\">\n\t\t\t\t\t\t\t\t\t\t\t\t\t\t\t<span class=\"elementor-accordion-icon-closed\"><svg class=\"e-font-icon-svg e-fas-angle-down\" viewBox=\"0 0 320 512\" xmlns=\"http:\/\/www.w3.org\/2000\/svg\"><path d=\"M143 352.3L7 216.3c-9.4-9.4-9.4-24.6 0-33.9l22.6-22.6c9.4-9.4 24.6-9.4 33.9 0l96.4 96.4 96.4-96.4c9.4-9.4 24.6-9.4 33.9 0l22.6 22.6c9.4 9.4 9.4 24.6 0 33.9l-136 136c-9.2 9.4-24.4 9.4-33.8 0z\"><\/path><\/svg><\/span>\n\t\t\t\t\t\t\t\t<span class=\"elementor-accordion-icon-opened\"><svg class=\"e-font-icon-svg e-fas-angle-up\" viewBox=\"0 0 320 512\" xmlns=\"http:\/\/www.w3.org\/2000\/svg\"><path d=\"M177 159.7l136 136c9.4 9.4 9.4 24.6 0 33.9l-22.6 22.6c-9.4 9.4-24.6 9.4-33.9 0L160 255.9l-96.4 96.4c-9.4 9.4-24.6 9.4-33.9 0L7 329.7c-9.4-9.4-9.4-24.6 0-33.9l136-136c9.4-9.5 24.6-9.5 34-.1z\"><\/path><\/svg><\/span>\n\t\t\t\t\t\t\t\t\t\t\t\t\t\t<\/span>\n\t\t\t\t\t\t\t\t\t\t\t\t<a class=\"elementor-accordion-title\" tabindex=\"0\">Gibt es Sicherheitsgurte in den Vans und kann ein Kindersitz oder ein Maxicosi mitgenommen werden?<\/a>\n\t\t\t\t\t<\/div>\n\t\t\t\t\t<div id=\"elementor-tab-content-1851\" class=\"elementor-tab-content elementor-clearfix\" data-tab=\"1\" role=\"region\" aria-labelledby=\"elementor-tab-title-1851\"><p>Alle unsere Vans haben Sicherheitsgurte vorne und auch begrenzte Sicherheitsgurte auf den R\u00fccksitzen, so dass auch die M\u00f6glichkeit besteht, einen Maxicosi mitzunehmen. Die Gurte und Befestigungen entsprechen nicht dem heutigen Standard. Kindersitze m\u00fcssen auf Ihre eigene Verantwortung gesichert werden.    <\/p>\n<\/div>\n\t\t\t\t<\/div>\n\t\t\t\t\t\t\t\t\t\t<script type=\"application\/ld+json\">{\"@context\":\"https:\\\/\\\/schema.org\",\"@type\":\"FAQPage\",\"mainEntity\":[{\"@type\":\"Question\",\"name\":\"Gibt es Sicherheitsgurte in den Vans und kann ein Kindersitz oder ein Maxicosi mitgenommen werden?\",\"acceptedAnswer\":{\"@type\":\"Answer\",\"text\":\"<p>Alle unsere Vans haben Sicherheitsgurte vorne und auch begrenzte Sicherheitsgurte auf den R\\u00fccksitzen, so dass auch die M\\u00f6glichkeit besteht, einen Maxicosi mitzunehmen. Die Gurte und Befestigungen entsprechen nicht dem heutigen Standard. Kindersitze m\\u00fcssen auf Ihre eigene Verantwortung gesichert werden.    <\\\/p>\\n\"}}]}<\/script>\n\t\t\t\t\t<\/div>\n\t\t\t\t\t\t<\/div>\n\t\t\t\t<\/div>\n\t\t\t\t<div class=\"elementor-element elementor-element-a55edbc elementor-widget elementor-widget-accordion\" data-id=\"a55edbc\" data-element_type=\"widget\" data-e-type=\"widget\" data-widget_type=\"accordion.default\">\n\t\t\t\t<div class=\"elementor-widget-container\">\n\t\t\t\t\t\t\t<div class=\"elementor-accordion\">\n\t\t\t\t\t\t\t<div class=\"elementor-accordion-item\">\n\t\t\t\t\t<div id=\"elementor-tab-title-1731\" class=\"elementor-tab-title\" data-tab=\"1\" role=\"button\" aria-controls=\"elementor-tab-content-1731\" aria-expanded=\"false\">\n\t\t\t\t\t\t\t\t\t\t\t\t\t<span class=\"elementor-accordion-icon elementor-accordion-icon-right\" aria-hidden=\"true\">\n\t\t\t\t\t\t\t\t\t\t\t\t\t\t\t<span class=\"elementor-accordion-icon-closed\"><svg class=\"e-font-icon-svg e-fas-angle-down\" viewBox=\"0 0 320 512\" xmlns=\"http:\/\/www.w3.org\/2000\/svg\"><path d=\"M143 352.3L7 216.3c-9.4-9.4-9.4-24.6 0-33.9l22.6-22.6c9.4-9.4 24.6-9.4 33.9 0l96.4 96.4 96.4-96.4c9.4-9.4 24.6-9.4 33.9 0l22.6 22.6c9.4 9.4 9.4 24.6 0 33.9l-136 136c-9.2 9.4-24.4 9.4-33.8 0z\"><\/path><\/svg><\/span>\n\t\t\t\t\t\t\t\t<span class=\"elementor-accordion-icon-opened\"><svg class=\"e-font-icon-svg e-fas-angle-up\" viewBox=\"0 0 320 512\" xmlns=\"http:\/\/www.w3.org\/2000\/svg\"><path d=\"M177 159.7l136 136c9.4 9.4 9.4 24.6 0 33.9l-22.6 22.6c-9.4 9.4-24.6 9.4-33.9 0L160 255.9l-96.4 96.4c-9.4 9.4-24.6 9.4-33.9 0L7 329.7c-9.4-9.4-9.4-24.6 0-33.9l136-136c9.4-9.5 24.6-9.5 34-.1z\"><\/path><\/svg><\/span>\n\t\t\t\t\t\t\t\t\t\t\t\t\t\t<\/span>\n\t\t\t\t\t\t\t\t\t\t\t\t<a class=\"elementor-accordion-title\" tabindex=\"0\">Kann ich auch einen Transport f\u00fcr die Hochzeit buchen?<\/a>\n\t\t\t\t\t<\/div>\n\t\t\t\t\t<div id=\"elementor-tab-content-1731\" class=\"elementor-tab-content elementor-clearfix\" data-tab=\"1\" role=\"region\" aria-labelledby=\"elementor-tab-title-1731\"><p>Nein. Diese Website wurde speziell f\u00fcr unser &#8218;Toern&amp;Smikkeln&#8216; Konzept und unsere Route eingerichtet.   <\/p>\n<p>Hochzeitstransporte liegen uns in den Genen und wir wissen, dass sie eine besondere Herangehensweise und Vorbereitung aller Dinge rund um den sch\u00f6nsten Tag in Ihrem Leben erfordern. Wir informieren Sie auch \u00fcber den Zustand des Hochzeitsautos. Die Handhabung des Wagens und die besonderen (zeitlichen) Anforderungen sollten viel mehr Aufmerksamkeit erhalten als die Reservierungen f\u00fcr unser Toern&amp;Smikkeln Konzept.  <\/p>\n<p>Unter<a href=\"http:\/\/www.oldtimercentrum.nl\/\"> https:\/\/oldtimercentrum.nl<\/a> finden Sie unsere Oldtimer und wir informieren Sie gerne \u00fcber die M\u00f6glichkeiten durch ein individuelles Angebot. Wir freuen uns darauf, Ihnen dabei zu helfen, den sch\u00f6nsten Tag Ihres Lebens zu gestalten!   <\/p>\n<\/div>\n\t\t\t\t<\/div>\n\t\t\t\t\t\t\t\t\t\t<script type=\"application\/ld+json\">{\"@context\":\"https:\\\/\\\/schema.org\",\"@type\":\"FAQPage\",\"mainEntity\":[{\"@type\":\"Question\",\"name\":\"Kann ich auch einen Transport f\\u00fcr die Hochzeit buchen?\",\"acceptedAnswer\":{\"@type\":\"Answer\",\"text\":\"<p>Nein. Diese Website wurde speziell f\\u00fcr unser &#8218;Toern&amp;Smikkeln&#8216; Konzept und unsere Route eingerichtet.   <\\\/p>\\n<p>Hochzeitstransporte liegen uns in den Genen und wir wissen, dass sie eine besondere Herangehensweise und Vorbereitung aller Dinge rund um den sch\\u00f6nsten Tag in Ihrem Leben erfordern. Wir informieren Sie auch \\u00fcber den Zustand des Hochzeitsautos. Die Handhabung des Wagens und die besonderen (zeitlichen) Anforderungen sollten viel mehr Aufmerksamkeit erhalten als die Reservierungen f\\u00fcr unser Toern&amp;Smikkeln Konzept.  <\\\/p>\\n<p>Unter<a href=\\\"http:\\\/\\\/www.oldtimercentrum.nl\\\/\\\"> https:\\\/\\\/oldtimercentrum.nl<\\\/a> finden Sie unsere Oldtimer und wir informieren Sie gerne \\u00fcber die M\\u00f6glichkeiten durch ein individuelles Angebot. Wir freuen uns darauf, Ihnen dabei zu helfen, den sch\\u00f6nsten Tag Ihres Lebens zu gestalten!   <\\\/p>\\n\"}}]}<\/script>\n\t\t\t\t\t<\/div>\n\t\t\t\t\t\t<\/div>\n\t\t\t\t<\/div>\n\t\t\t\t<div class=\"elementor-element elementor-element-386ccbc elementor-widget elementor-widget-spacer\" data-id=\"386ccbc\" data-element_type=\"widget\" data-e-type=\"widget\" data-widget_type=\"spacer.default\">\n\t\t\t\t<div class=\"elementor-widget-container\">\n\t\t\t\t\t\t\t<div class=\"elementor-spacer\">\n\t\t\t<div class=\"elementor-spacer-inner\"><\/div>\n\t\t<\/div>\n\t\t\t\t\t\t<\/div>\n\t\t\t\t<\/div>\n\t\t\t\t\t<\/div>\n\t\t\t\t<\/div>\n\t\t\t\t<\/div>\n\t\t","protected":false},"excerpt":{"rendered":"<p>H\u00e4ufig gestellte Fragen Haben Sie Fragen zu Toer&#8217;n &amp; Smikkel&#8217;n? Nachfolgend finden Sie einige h\u00e4ufig gestellte Fragen, u.a. zu den Autos und Lieferwagen, den Gerichten, der Route und der Planung. Toer&#8217;n Smikkel&#8217;nWas ist &amp; ? Der vielleicht lustigste Ausflug in Twente und den Niederlanden. W\u00e4hrend dieser bezaubernden Tour entdecken Sie in einem alten Volkswagen Van [&hellip;]<\/p>\n","protected":false},"author":5,"featured_media":0,"parent":0,"menu_order":0,"comment_status":"closed","ping_status":"closed","template":"","meta":{"_acf_changed":false,"inline_featured_image":false,"footnotes":""},"class_list":["post-21519","page","type-page","status-publish","hentry"],"acf":[],"yoast_head":"<!-- This site is optimized with the Yoast SEO plugin v27.4 - https:\/\/yoast.com\/product\/yoast-seo-wordpress\/ -->\n<title>H\u00e4ufig gestellte Fragen - Toeren en Smikkelen<\/title>\n<meta name=\"robots\" content=\"index, follow, max-snippet:-1, max-image-preview:large, max-video-preview:-1\" \/>\n<link rel=\"canonical\" href=\"https:\/\/www.toerenensmikkelen.nl\/de\/haeufig-gestellte-fragen\/\" \/>\n<meta property=\"og:locale\" content=\"de_DE\" \/>\n<meta property=\"og:type\" content=\"article\" \/>\n<meta property=\"og:title\" content=\"H\u00e4ufig gestellte Fragen - Toeren en Smikkelen\" \/>\n<meta property=\"og:description\" content=\"H\u00e4ufig gestellte Fragen Haben Sie Fragen zu Toer&#8217;n &amp; Smikkel&#8217;n? Nachfolgend finden Sie einige h\u00e4ufig gestellte Fragen, u.a. zu den Autos und Lieferwagen, den Gerichten, der Route und der Planung. Toer&#8217;n Smikkel&#8217;nWas ist &amp; ? Der vielleicht lustigste Ausflug in Twente und den Niederlanden. W\u00e4hrend dieser bezaubernden Tour entdecken Sie in einem alten Volkswagen Van [&hellip;]\" \/>\n<meta property=\"og:url\" content=\"https:\/\/www.toerenensmikkelen.nl\/de\/haeufig-gestellte-fragen\/\" \/>\n<meta property=\"og:site_name\" content=\"Toeren en Smikkelen\" \/>\n<meta property=\"article:modified_time\" content=\"2025-03-17T12:24:25+00:00\" \/>\n<meta property=\"og:image\" content=\"https:\/\/www.toerenensmikkelen.nl\/wp-content\/uploads\/2024\/04\/hetleuksteuitjeintwente-groen-1.png\" \/>\n\t<meta property=\"og:image:width\" content=\"916\" \/>\n\t<meta property=\"og:image:height\" content=\"749\" \/>\n\t<meta property=\"og:image:type\" content=\"image\/png\" \/>\n<meta name=\"twitter:card\" content=\"summary_large_image\" \/>\n<meta name=\"twitter:label1\" content=\"Gesch\u00e4tzte Lesezeit\" \/>\n\t<meta name=\"twitter:data1\" content=\"9\u00a0Minuten\" \/>\n<script type=\"application\/ld+json\" class=\"yoast-schema-graph\">{\"@context\":\"https:\\\/\\\/schema.org\",\"@graph\":[{\"@type\":\"WebPage\",\"@id\":\"https:\\\/\\\/www.toerenensmikkelen.nl\\\/de\\\/haeufig-gestellte-fragen\\\/\",\"url\":\"https:\\\/\\\/www.toerenensmikkelen.nl\\\/de\\\/haeufig-gestellte-fragen\\\/\",\"name\":\"H\u00e4ufig gestellte Fragen - Toeren en Smikkelen\",\"isPartOf\":{\"@id\":\"https:\\\/\\\/www.toerenensmikkelen.nl\\\/de\\\/#website\"},\"primaryImageOfPage\":{\"@id\":\"https:\\\/\\\/www.toerenensmikkelen.nl\\\/de\\\/haeufig-gestellte-fragen\\\/#primaryimage\"},\"image\":{\"@id\":\"https:\\\/\\\/www.toerenensmikkelen.nl\\\/de\\\/haeufig-gestellte-fragen\\\/#primaryimage\"},\"thumbnailUrl\":\"https:\\\/\\\/www.toerenensmikkelen.nl\\\/wp-content\\\/uploads\\\/2024\\\/04\\\/hetleuksteuitjeintwente-groen-1-900x736.png\",\"datePublished\":\"2024-04-08T11:08:42+00:00\",\"dateModified\":\"2025-03-17T12:24:25+00:00\",\"breadcrumb\":{\"@id\":\"https:\\\/\\\/www.toerenensmikkelen.nl\\\/de\\\/haeufig-gestellte-fragen\\\/#breadcrumb\"},\"inLanguage\":\"de\",\"potentialAction\":[{\"@type\":\"ReadAction\",\"target\":[\"https:\\\/\\\/www.toerenensmikkelen.nl\\\/de\\\/haeufig-gestellte-fragen\\\/\"]}]},{\"@type\":\"ImageObject\",\"inLanguage\":\"de\",\"@id\":\"https:\\\/\\\/www.toerenensmikkelen.nl\\\/de\\\/haeufig-gestellte-fragen\\\/#primaryimage\",\"url\":\"https:\\\/\\\/www.toerenensmikkelen.nl\\\/wp-content\\\/uploads\\\/2024\\\/04\\\/hetleuksteuitjeintwente-groen-1-900x736.png\",\"contentUrl\":\"https:\\\/\\\/www.toerenensmikkelen.nl\\\/wp-content\\\/uploads\\\/2024\\\/04\\\/hetleuksteuitjeintwente-groen-1-900x736.png\"},{\"@type\":\"BreadcrumbList\",\"@id\":\"https:\\\/\\\/www.toerenensmikkelen.nl\\\/de\\\/haeufig-gestellte-fragen\\\/#breadcrumb\",\"itemListElement\":[{\"@type\":\"ListItem\",\"position\":1,\"name\":\"Home\",\"item\":\"https:\\\/\\\/www.toerenensmikkelen.nl\\\/de\\\/\"},{\"@type\":\"ListItem\",\"position\":2,\"name\":\"H\u00e4ufig gestellte Fragen\"}]},{\"@type\":\"WebSite\",\"@id\":\"https:\\\/\\\/www.toerenensmikkelen.nl\\\/de\\\/#website\",\"url\":\"https:\\\/\\\/www.toerenensmikkelen.nl\\\/de\\\/\",\"name\":\"Toeren en Smikkelen\",\"description\":\"Vrijheid in stijl\",\"potentialAction\":[{\"@type\":\"SearchAction\",\"target\":{\"@type\":\"EntryPoint\",\"urlTemplate\":\"https:\\\/\\\/www.toerenensmikkelen.nl\\\/de\\\/?s={search_term_string}\"},\"query-input\":{\"@type\":\"PropertyValueSpecification\",\"valueRequired\":true,\"valueName\":\"search_term_string\"}}],\"inLanguage\":\"de\"}]}<\/script>\n<!-- \/ Yoast SEO plugin. -->","yoast_head_json":{"title":"H\u00e4ufig gestellte Fragen - Toeren en Smikkelen","robots":{"index":"index","follow":"follow","max-snippet":"max-snippet:-1","max-image-preview":"max-image-preview:large","max-video-preview":"max-video-preview:-1"},"canonical":"https:\/\/www.toerenensmikkelen.nl\/de\/haeufig-gestellte-fragen\/","og_locale":"de_DE","og_type":"article","og_title":"H\u00e4ufig gestellte Fragen - Toeren en Smikkelen","og_description":"H\u00e4ufig gestellte Fragen Haben Sie Fragen zu Toer&#8217;n &amp; Smikkel&#8217;n? Nachfolgend finden Sie einige h\u00e4ufig gestellte Fragen, u.a. zu den Autos und Lieferwagen, den Gerichten, der Route und der Planung. Toer&#8217;n Smikkel&#8217;nWas ist &amp; ? Der vielleicht lustigste Ausflug in Twente und den Niederlanden. W\u00e4hrend dieser bezaubernden Tour entdecken Sie in einem alten Volkswagen Van [&hellip;]","og_url":"https:\/\/www.toerenensmikkelen.nl\/de\/haeufig-gestellte-fragen\/","og_site_name":"Toeren en Smikkelen","article_modified_time":"2025-03-17T12:24:25+00:00","og_image":[{"width":916,"height":749,"url":"https:\/\/www.toerenensmikkelen.nl\/wp-content\/uploads\/2024\/04\/hetleuksteuitjeintwente-groen-1.png","type":"image\/png"}],"twitter_card":"summary_large_image","twitter_misc":{"Gesch\u00e4tzte Lesezeit":"9\u00a0Minuten"},"schema":{"@context":"https:\/\/schema.org","@graph":[{"@type":"WebPage","@id":"https:\/\/www.toerenensmikkelen.nl\/de\/haeufig-gestellte-fragen\/","url":"https:\/\/www.toerenensmikkelen.nl\/de\/haeufig-gestellte-fragen\/","name":"H\u00e4ufig gestellte Fragen - Toeren en Smikkelen","isPartOf":{"@id":"https:\/\/www.toerenensmikkelen.nl\/de\/#website"},"primaryImageOfPage":{"@id":"https:\/\/www.toerenensmikkelen.nl\/de\/haeufig-gestellte-fragen\/#primaryimage"},"image":{"@id":"https:\/\/www.toerenensmikkelen.nl\/de\/haeufig-gestellte-fragen\/#primaryimage"},"thumbnailUrl":"https:\/\/www.toerenensmikkelen.nl\/wp-content\/uploads\/2024\/04\/hetleuksteuitjeintwente-groen-1-900x736.png","datePublished":"2024-04-08T11:08:42+00:00","dateModified":"2025-03-17T12:24:25+00:00","breadcrumb":{"@id":"https:\/\/www.toerenensmikkelen.nl\/de\/haeufig-gestellte-fragen\/#breadcrumb"},"inLanguage":"de","potentialAction":[{"@type":"ReadAction","target":["https:\/\/www.toerenensmikkelen.nl\/de\/haeufig-gestellte-fragen\/"]}]},{"@type":"ImageObject","inLanguage":"de","@id":"https:\/\/www.toerenensmikkelen.nl\/de\/haeufig-gestellte-fragen\/#primaryimage","url":"https:\/\/www.toerenensmikkelen.nl\/wp-content\/uploads\/2024\/04\/hetleuksteuitjeintwente-groen-1-900x736.png","contentUrl":"https:\/\/www.toerenensmikkelen.nl\/wp-content\/uploads\/2024\/04\/hetleuksteuitjeintwente-groen-1-900x736.png"},{"@type":"BreadcrumbList","@id":"https:\/\/www.toerenensmikkelen.nl\/de\/haeufig-gestellte-fragen\/#breadcrumb","itemListElement":[{"@type":"ListItem","position":1,"name":"Home","item":"https:\/\/www.toerenensmikkelen.nl\/de\/"},{"@type":"ListItem","position":2,"name":"H\u00e4ufig gestellte Fragen"}]},{"@type":"WebSite","@id":"https:\/\/www.toerenensmikkelen.nl\/de\/#website","url":"https:\/\/www.toerenensmikkelen.nl\/de\/","name":"Toeren en Smikkelen","description":"Vrijheid in stijl","potentialAction":[{"@type":"SearchAction","target":{"@type":"EntryPoint","urlTemplate":"https:\/\/www.toerenensmikkelen.nl\/de\/?s={search_term_string}"},"query-input":{"@type":"PropertyValueSpecification","valueRequired":true,"valueName":"search_term_string"}}],"inLanguage":"de"}]}},"_links":{"self":[{"href":"https:\/\/www.toerenensmikkelen.nl\/de\/wp-json\/wp\/v2\/pages\/21519","targetHints":{"allow":["GET"]}}],"collection":[{"href":"https:\/\/www.toerenensmikkelen.nl\/de\/wp-json\/wp\/v2\/pages"}],"about":[{"href":"https:\/\/www.toerenensmikkelen.nl\/de\/wp-json\/wp\/v2\/types\/page"}],"author":[{"embeddable":true,"href":"https:\/\/www.toerenensmikkelen.nl\/de\/wp-json\/wp\/v2\/users\/5"}],"replies":[{"embeddable":true,"href":"https:\/\/www.toerenensmikkelen.nl\/de\/wp-json\/wp\/v2\/comments?post=21519"}],"version-history":[{"count":2,"href":"https:\/\/www.toerenensmikkelen.nl\/de\/wp-json\/wp\/v2\/pages\/21519\/revisions"}],"predecessor-version":[{"id":27865,"href":"https:\/\/www.toerenensmikkelen.nl\/de\/wp-json\/wp\/v2\/pages\/21519\/revisions\/27865"}],"wp:attachment":[{"href":"https:\/\/www.toerenensmikkelen.nl\/de\/wp-json\/wp\/v2\/media?parent=21519"}],"curies":[{"name":"wp","href":"https:\/\/api.w.org\/{rel}","templated":true}]}}