{"id":22029,"date":"2021-04-20T13:00:49","date_gmt":"2021-04-20T11:00:49","guid":{"rendered":"https:\/\/www.toerenensmikkelen.nl\/alle-autos\/volkswagen-t2-suesser-camper\/"},"modified":"2024-10-21T09:14:29","modified_gmt":"2024-10-21T09:14:29","slug":"volkswagen-t2-suesser-camper","status":"publish","type":"product","link":"https:\/\/www.toerenensmikkelen.nl\/de\/alle-autos\/volkswagen-t2-suesser-camper\/","title":{"rendered":"Volkswagen T2 &#8222;S\u00fc\u00dfer Camper&#8220;"},"content":{"rendered":"<p>Der Nachfolger des T1 Vans ist etwas &#8218;moderner&#8216; und dieser Van f\u00e4hrt etwas besser und schneller, hat eine gew\u00f6lbte Windschutzscheibe und ein kleineres VW-Logo auf der Nase.<br \/>\nUnsere T2-Vans sind Camper-Versionen mit einem (klappbaren) Tisch und einem K\u00fchlschrank.<br \/>\nGeeignet f\u00fcr 6 Personen. <strong>Buchen Sie im Voraus f\u00fcr 2025!<br \/>\nSie k\u00f6nnen jetzt ab dem 1. M\u00e4rz buchen! <\/strong> M\u00f6chten Sie sichergehen, dass Sie einen Van gebucht haben?<br \/>\nDie Erfahrung zeigt, dass die Wochenenden schnell ausgebucht sind.<br \/>\nBuchen Sie also jetzt Ihren coolen Volkswagen Bus f\u00fcr 2025.<\/p>\n","protected":false},"excerpt":{"rendered":"<p>Der Nachfolger des T1 Vans ist etwas &#8218;moderner&#8216; und dieser Van f\u00e4hrt etwas besser und schneller, hat eine gew\u00f6lbte Windschutzscheibe und ein kleineres VW-Logo auf der Nase.<br \/>\nUnsere T2-Vans sind Camper-Versionen mit einem (klappbaren) Tisch und einem K\u00fchlschrank.<br \/>\nGeeignet f\u00fcr 6 Personen. <strong>BITTE BEACHTEN SIE: Montags und dienstags k\u00f6nnen Sie einen VW-Bus oder Oldtimer mieten, aber aufgrund der \u00d6ffnungszeiten der teilnehmenden Restaurants kein Men\u00fc bestellen.<br \/>\nAn Feiertagen k\u00f6nnen Sie kein Men\u00fc bestellen, aber Sie k\u00f6nnen einen Oldtimer mieten und trotzdem auf eigene Faust in den Restaurants auf der Route bestellen. <\/strong><\/p>\n","protected":false},"featured_media":21399,"template":"","meta":{"_acf_changed":false,"inline_featured_image":false},"product_brand":[],"product_cat":[118],"product_tag":[],"class_list":{"0":"post-22029","1":"product","2":"type-product","3":"status-publish","4":"has-post-thumbnail","6":"product_cat-toern-und-smikkeln","8":"first","9":"instock","10":"sold-individually","11":"taxable","12":"shipping-taxable","13":"purchasable","14":"product-type-booking"},"booking_location":"","booking_location_type":"","booking_duration":7,"booking_duration_unit":"hour","booking_buffer":0,"booking_cost":0,"booking_resources":[],"acf":[],"yoast_head":"<!-- This site is optimized with the Yoast SEO plugin v27.4 - https:\/\/yoast.com\/product\/yoast-seo-wordpress\/ -->\n<title>Volkswagen T2 &quot;S\u00fc\u00dfer Camper&quot; - Toeren en Smikkelen<\/title>\n<meta name=\"robots\" content=\"index, follow, max-snippet:-1, max-image-preview:large, max-video-preview:-1\" \/>\n<link rel=\"canonical\" href=\"https:\/\/www.toerenensmikkelen.nl\/de\/alle-autos\/volkswagen-t2-suesser-camper\/\" \/>\n<meta property=\"og:locale\" content=\"de_DE\" \/>\n<meta property=\"og:type\" content=\"article\" \/>\n<meta property=\"og:title\" content=\"Volkswagen T2 &quot;S\u00fc\u00dfer Camper&quot; - Toeren en Smikkelen\" \/>\n<meta property=\"og:description\" content=\"Der Nachfolger des T1 Vans ist etwas &#039;moderner&#039; und dieser Van f\u00e4hrt etwas besser und schneller, hat eine gew\u00f6lbte Windschutzscheibe und ein kleineres VW-Logo auf der Nase. Unsere T2-Vans sind Camper-Versionen mit einem (klappbaren) Tisch und einem K\u00fchlschrank. Geeignet f\u00fcr 6 Personen. BITTE BEACHTEN SIE: Montags und dienstags k\u00f6nnen Sie einen VW-Bus oder Oldtimer mieten, aber aufgrund der \u00d6ffnungszeiten der teilnehmenden Restaurants kein Men\u00fc bestellen. An Feiertagen k\u00f6nnen Sie kein Men\u00fc bestellen, aber Sie k\u00f6nnen einen Oldtimer mieten und trotzdem auf eigene Faust in den Restaurants auf der Route bestellen.\" \/>\n<meta property=\"og:url\" content=\"https:\/\/www.toerenensmikkelen.nl\/de\/alle-autos\/volkswagen-t2-suesser-camper\/\" \/>\n<meta property=\"og:site_name\" content=\"Toeren en Smikkelen\" \/>\n<meta property=\"article:modified_time\" content=\"2024-10-21T09:14:29+00:00\" \/>\n<meta property=\"og:image\" content=\"https:\/\/www.toerenensmikkelen.nl\/wp-content\/uploads\/2021\/04\/Volkswagen-T2-pastel-blauw-camper-Klassiek-Toeren-Twente-12-900x600.jpg\" \/>\n\t<meta property=\"og:image:width\" content=\"900\" \/>\n\t<meta property=\"og:image:height\" content=\"600\" \/>\n\t<meta property=\"og:image:type\" content=\"image\/jpeg\" \/>\n<meta name=\"twitter:card\" content=\"summary_large_image\" \/>\n<meta name=\"twitter:label1\" content=\"Gesch\u00e4tzte Lesezeit\" \/>\n\t<meta name=\"twitter:data1\" content=\"1\u00a0Minute\" \/>\n<script type=\"application\/ld+json\" class=\"yoast-schema-graph\">{\"@context\":\"https:\\\/\\\/schema.org\",\"@graph\":[{\"@type\":\"WebPage\",\"@id\":\"https:\\\/\\\/www.toerenensmikkelen.nl\\\/de\\\/alle-autos\\\/volkswagen-t2-suesser-camper\\\/\",\"url\":\"https:\\\/\\\/www.toerenensmikkelen.nl\\\/de\\\/alle-autos\\\/volkswagen-t2-suesser-camper\\\/\",\"name\":\"Volkswagen T2 \\\"S\u00fc\u00dfer Camper\\\" - Toeren en Smikkelen\",\"isPartOf\":{\"@id\":\"https:\\\/\\\/www.toerenensmikkelen.nl\\\/de\\\/#website\"},\"primaryImageOfPage\":{\"@id\":\"https:\\\/\\\/www.toerenensmikkelen.nl\\\/de\\\/alle-autos\\\/volkswagen-t2-suesser-camper\\\/#primaryimage\"},\"image\":{\"@id\":\"https:\\\/\\\/www.toerenensmikkelen.nl\\\/de\\\/alle-autos\\\/volkswagen-t2-suesser-camper\\\/#primaryimage\"},\"thumbnailUrl\":\"https:\\\/\\\/www.toerenensmikkelen.nl\\\/wp-content\\\/uploads\\\/2021\\\/04\\\/Volkswagen-T2-pastel-blauw-camper-Klassiek-Toeren-Twente-12.jpg\",\"datePublished\":\"2021-04-20T11:00:49+00:00\",\"dateModified\":\"2024-10-21T09:14:29+00:00\",\"breadcrumb\":{\"@id\":\"https:\\\/\\\/www.toerenensmikkelen.nl\\\/de\\\/alle-autos\\\/volkswagen-t2-suesser-camper\\\/#breadcrumb\"},\"inLanguage\":\"de\",\"potentialAction\":[{\"@type\":\"ReadAction\",\"target\":[\"https:\\\/\\\/www.toerenensmikkelen.nl\\\/de\\\/alle-autos\\\/volkswagen-t2-suesser-camper\\\/\"]}]},{\"@type\":\"ImageObject\",\"inLanguage\":\"de\",\"@id\":\"https:\\\/\\\/www.toerenensmikkelen.nl\\\/de\\\/alle-autos\\\/volkswagen-t2-suesser-camper\\\/#primaryimage\",\"url\":\"https:\\\/\\\/www.toerenensmikkelen.nl\\\/wp-content\\\/uploads\\\/2021\\\/04\\\/Volkswagen-T2-pastel-blauw-camper-Klassiek-Toeren-Twente-12.jpg\",\"contentUrl\":\"https:\\\/\\\/www.toerenensmikkelen.nl\\\/wp-content\\\/uploads\\\/2021\\\/04\\\/Volkswagen-T2-pastel-blauw-camper-Klassiek-Toeren-Twente-12.jpg\",\"width\":1920,\"height\":1280},{\"@type\":\"BreadcrumbList\",\"@id\":\"https:\\\/\\\/www.toerenensmikkelen.nl\\\/de\\\/alle-autos\\\/volkswagen-t2-suesser-camper\\\/#breadcrumb\",\"itemListElement\":[{\"@type\":\"ListItem\",\"position\":1,\"name\":\"Home\",\"item\":\"https:\\\/\\\/www.toerenensmikkelen.nl\\\/de\\\/\"},{\"@type\":\"ListItem\",\"position\":2,\"name\":\"Shop\",\"item\":\"https:\\\/\\\/www.toerenensmikkelen.nl\\\/de\\\/shop\\\/\"},{\"@type\":\"ListItem\",\"position\":3,\"name\":\"Volkswagen T2 &#8220;S\u00fc\u00dfer Camper&#8221;\"}]},{\"@type\":\"WebSite\",\"@id\":\"https:\\\/\\\/www.toerenensmikkelen.nl\\\/de\\\/#website\",\"url\":\"https:\\\/\\\/www.toerenensmikkelen.nl\\\/de\\\/\",\"name\":\"Toeren en Smikkelen\",\"description\":\"Vrijheid in stijl\",\"potentialAction\":[{\"@type\":\"SearchAction\",\"target\":{\"@type\":\"EntryPoint\",\"urlTemplate\":\"https:\\\/\\\/www.toerenensmikkelen.nl\\\/de\\\/?s={search_term_string}\"},\"query-input\":{\"@type\":\"PropertyValueSpecification\",\"valueRequired\":true,\"valueName\":\"search_term_string\"}}],\"inLanguage\":\"de\"}]}<\/script>\n<!-- \/ Yoast SEO plugin. -->","yoast_head_json":{"title":"Volkswagen T2 \"S\u00fc\u00dfer Camper\" - Toeren en Smikkelen","robots":{"index":"index","follow":"follow","max-snippet":"max-snippet:-1","max-image-preview":"max-image-preview:large","max-video-preview":"max-video-preview:-1"},"canonical":"https:\/\/www.toerenensmikkelen.nl\/de\/alle-autos\/volkswagen-t2-suesser-camper\/","og_locale":"de_DE","og_type":"article","og_title":"Volkswagen T2 \"S\u00fc\u00dfer Camper\" - Toeren en Smikkelen","og_description":"Der Nachfolger des T1 Vans ist etwas 'moderner' und dieser Van f\u00e4hrt etwas besser und schneller, hat eine gew\u00f6lbte Windschutzscheibe und ein kleineres VW-Logo auf der Nase. Unsere T2-Vans sind Camper-Versionen mit einem (klappbaren) Tisch und einem K\u00fchlschrank. Geeignet f\u00fcr 6 Personen. BITTE BEACHTEN SIE: Montags und dienstags k\u00f6nnen Sie einen VW-Bus oder Oldtimer mieten, aber aufgrund der \u00d6ffnungszeiten der teilnehmenden Restaurants kein Men\u00fc bestellen. An Feiertagen k\u00f6nnen Sie kein Men\u00fc bestellen, aber Sie k\u00f6nnen einen Oldtimer mieten und trotzdem auf eigene Faust in den Restaurants auf der Route bestellen.","og_url":"https:\/\/www.toerenensmikkelen.nl\/de\/alle-autos\/volkswagen-t2-suesser-camper\/","og_site_name":"Toeren en Smikkelen","article_modified_time":"2024-10-21T09:14:29+00:00","og_image":[{"width":900,"height":600,"url":"https:\/\/www.toerenensmikkelen.nl\/wp-content\/uploads\/2021\/04\/Volkswagen-T2-pastel-blauw-camper-Klassiek-Toeren-Twente-12-900x600.jpg","type":"image\/jpeg"}],"twitter_card":"summary_large_image","twitter_misc":{"Gesch\u00e4tzte Lesezeit":"1\u00a0Minute"},"schema":{"@context":"https:\/\/schema.org","@graph":[{"@type":"WebPage","@id":"https:\/\/www.toerenensmikkelen.nl\/de\/alle-autos\/volkswagen-t2-suesser-camper\/","url":"https:\/\/www.toerenensmikkelen.nl\/de\/alle-autos\/volkswagen-t2-suesser-camper\/","name":"Volkswagen T2 \"S\u00fc\u00dfer Camper\" - Toeren en Smikkelen","isPartOf":{"@id":"https:\/\/www.toerenensmikkelen.nl\/de\/#website"},"primaryImageOfPage":{"@id":"https:\/\/www.toerenensmikkelen.nl\/de\/alle-autos\/volkswagen-t2-suesser-camper\/#primaryimage"},"image":{"@id":"https:\/\/www.toerenensmikkelen.nl\/de\/alle-autos\/volkswagen-t2-suesser-camper\/#primaryimage"},"thumbnailUrl":"https:\/\/www.toerenensmikkelen.nl\/wp-content\/uploads\/2021\/04\/Volkswagen-T2-pastel-blauw-camper-Klassiek-Toeren-Twente-12.jpg","datePublished":"2021-04-20T11:00:49+00:00","dateModified":"2024-10-21T09:14:29+00:00","breadcrumb":{"@id":"https:\/\/www.toerenensmikkelen.nl\/de\/alle-autos\/volkswagen-t2-suesser-camper\/#breadcrumb"},"inLanguage":"de","potentialAction":[{"@type":"ReadAction","target":["https:\/\/www.toerenensmikkelen.nl\/de\/alle-autos\/volkswagen-t2-suesser-camper\/"]}]},{"@type":"ImageObject","inLanguage":"de","@id":"https:\/\/www.toerenensmikkelen.nl\/de\/alle-autos\/volkswagen-t2-suesser-camper\/#primaryimage","url":"https:\/\/www.toerenensmikkelen.nl\/wp-content\/uploads\/2021\/04\/Volkswagen-T2-pastel-blauw-camper-Klassiek-Toeren-Twente-12.jpg","contentUrl":"https:\/\/www.toerenensmikkelen.nl\/wp-content\/uploads\/2021\/04\/Volkswagen-T2-pastel-blauw-camper-Klassiek-Toeren-Twente-12.jpg","width":1920,"height":1280},{"@type":"BreadcrumbList","@id":"https:\/\/www.toerenensmikkelen.nl\/de\/alle-autos\/volkswagen-t2-suesser-camper\/#breadcrumb","itemListElement":[{"@type":"ListItem","position":1,"name":"Home","item":"https:\/\/www.toerenensmikkelen.nl\/de\/"},{"@type":"ListItem","position":2,"name":"Shop","item":"https:\/\/www.toerenensmikkelen.nl\/de\/shop\/"},{"@type":"ListItem","position":3,"name":"Volkswagen T2 &#8220;S\u00fc\u00dfer Camper&#8221;"}]},{"@type":"WebSite","@id":"https:\/\/www.toerenensmikkelen.nl\/de\/#website","url":"https:\/\/www.toerenensmikkelen.nl\/de\/","name":"Toeren en Smikkelen","description":"Vrijheid in stijl","potentialAction":[{"@type":"SearchAction","target":{"@type":"EntryPoint","urlTemplate":"https:\/\/www.toerenensmikkelen.nl\/de\/?s={search_term_string}"},"query-input":{"@type":"PropertyValueSpecification","valueRequired":true,"valueName":"search_term_string"}}],"inLanguage":"de"}]}},"_links":{"self":[{"href":"https:\/\/www.toerenensmikkelen.nl\/de\/wp-json\/wp\/v2\/product\/22029","targetHints":{"allow":["GET"]}}],"collection":[{"href":"https:\/\/www.toerenensmikkelen.nl\/de\/wp-json\/wp\/v2\/product"}],"about":[{"href":"https:\/\/www.toerenensmikkelen.nl\/de\/wp-json\/wp\/v2\/types\/product"}],"wp:featuredmedia":[{"embeddable":true,"href":"https:\/\/www.toerenensmikkelen.nl\/de\/wp-json\/wp\/v2\/media\/21399"}],"wp:attachment":[{"href":"https:\/\/www.toerenensmikkelen.nl\/de\/wp-json\/wp\/v2\/media?parent=22029"}],"wp:term":[{"taxonomy":"product_brand","embeddable":true,"href":"https:\/\/www.toerenensmikkelen.nl\/de\/wp-json\/wp\/v2\/product_brand?post=22029"},{"taxonomy":"product_cat","embeddable":true,"href":"https:\/\/www.toerenensmikkelen.nl\/de\/wp-json\/wp\/v2\/product_cat?post=22029"},{"taxonomy":"product_tag","embeddable":true,"href":"https:\/\/www.toerenensmikkelen.nl\/de\/wp-json\/wp\/v2\/product_tag?post=22029"}],"curies":[{"name":"wp","href":"https:\/\/api.w.org\/{rel}","templated":true}]}}